	{"id":5863,"date":"2024-10-30T18:54:03","date_gmt":"2024-10-30T17:54:03","guid":{"rendered":"http:\/\/pre.italcamara-es.com\/eventi\/"},"modified":"2025-10-29T09:57:48","modified_gmt":"2025-10-29T08:57:48","slug":"eventi","status":"publish","type":"page","link":"https:\/\/italcamara-es.com\/it\/eventi\/","title":{"rendered":"Eventi"},"content":{"rendered":"\t\t<div data-elementor-type=\"wp-page\" data-elementor-id=\"5863\" class=\"elementor elementor-5863 elementor-2582\" data-elementor-settings=\"{&quot;ha_cmc_init_switcher&quot;:&quot;no&quot;}\">\n\t\t\t\t<div class=\"elementor-element elementor-element-8c0526b e-con-full e-flex e-con e-parent\" data-id=\"8c0526b\" data-element_type=\"container\" data-e-type=\"container\" data-settings=\"{&quot;background_background&quot;:&quot;classic&quot;,&quot;_ha_eqh_enable&quot;:false}\">\n\t\t\t\t<\/div>\n\t\t<div class=\"elementor-element elementor-element-309ee226 e-con-full e-flex e-con e-parent\" data-id=\"309ee226\" data-element_type=\"container\" data-e-type=\"container\" data-settings=\"{&quot;_ha_eqh_enable&quot;:false}\">\n\t\t\t\t<div class=\"elementor-element elementor-element-3c37bd00 elementor-hidden-desktop elementor-hidden-tablet elementor-hidden-mobile elementor-widget elementor-widget-text-editor\" data-id=\"3c37bd00\" data-element_type=\"widget\" data-e-type=\"widget\" data-widget_type=\"text-editor.default\">\n\t\t\t\t<div class=\"elementor-widget-container\">\n\t\t\t\t\t\t\t\t\tCONTENTS\t\t\t\t\t\t\t\t<\/div>\n\t\t\t\t<\/div>\n\t\t<div class=\"elementor-element elementor-element-0c5cfd0 e-con-full e-flex e-con e-child\" data-id=\"0c5cfd0\" data-element_type=\"container\" data-e-type=\"container\" data-settings=\"{&quot;_ha_eqh_enable&quot;:false}\">\n\t\t<div class=\"elementor-element elementor-element-402d51c e-con-full e-flex e-con e-child\" data-id=\"402d51c\" data-element_type=\"container\" data-e-type=\"container\" data-settings=\"{&quot;_ha_eqh_enable&quot;:false}\">\n\t\t\t\t<div class=\"elementor-element elementor-element-6b9ec10 elementor-widget elementor-widget-shortcode\" data-id=\"6b9ec10\" data-element_type=\"widget\" data-e-type=\"widget\" data-widget_type=\"shortcode.default\">\n\t\t\t\t<div class=\"elementor-widget-container\">\n\t\t\t\t\t\t\t<div class=\"elementor-shortcode\">\t\t<div class=\"em em-view-container\" id=\"em-view-636872952\" data-view=\"calendar\">\r\n\t\t\t<div class=\"em pixelbones em-calendar preview-modal responsive-dateclick-modal size-small this-month\" data-scope=\"all\" data-preview-tooltips-trigger=\"\" id=\"em-calendar-636872952\" data-view-id=\"636872952\" data-view-type=\"calendar\" data-month=\"04\" data-year=\"2026\" data-timezone=\"\">\n\t<section class=\"em-cal-nav em-cal-nav-normal\">\n\t\t\t<div class=\"month input\">\n\t\t\t\t\t<form action=\"\" method=\"get\">\n\t\t\t\t<input type=\"month\" class=\"em-month-picker\" value=\"2026-04\" data-month-value=\"Apr 2026\">\n\t\t\t\t<span class=\"toggle\"><\/span>\n\t\t\t<\/form>\n\t\t\t<\/div>\n\t\t\t<div class=\"month-nav input\">\n\t\t<a class=\"em-calnav em-calnav-prev\" href=\"\/it\/wp-json\/wp\/v2\/pages\/5863?mo=3&#038;yr=2026\" data-disabled=\"0\" >\n\t\t\t<svg viewBox=\"0 0 15 15\" xmlns=\"http:\/\/www.w3.org\/2000\/svg\"><path d=\"M10 14L3 7.5L10 1\" stroke=\"#555\" stroke-linecap=\"square\"><\/path><\/svg>\n\t\t<\/a>\n\t\t\t\t\t<a href=\"\" class=\"em-calnav-today button button-secondary size-large size-medium is-today\" >\n\t\t\t\tOggi\t\t\t<\/a>\n\t\t\t\t<a class=\"em-calnav em-calnav-next\" href=\"\/it\/wp-json\/wp\/v2\/pages\/5863?mo=5&#038;yr=2026\" data-disabled=\"0\" >\n\t\t\t<svg viewBox=\"0 0 15 15\" xmlns=\"http:\/\/www.w3.org\/2000\/svg\"><path d=\"M5 14L12 7.5L5 1\" stroke=\"#555\" stroke-linecap=\"square\"><\/path><\/svg>\n\t\t<\/a>\n\t<\/div>\n\t<\/section><section class=\"em-cal-head em-cal-week-days em-cal-days size-large\">\n\t\t\t<div class=\"em-cal-day em-cal-col-0\">Lun<\/div>\n\t\t\t\t<div class=\"em-cal-day em-cal-col-1\">Mar<\/div>\n\t\t\t\t<div class=\"em-cal-day em-cal-col-2\">Mer<\/div>\n\t\t\t\t<div class=\"em-cal-day em-cal-col-3\">Gio<\/div>\n\t\t\t\t<div class=\"em-cal-day em-cal-col-4\">Ven<\/div>\n\t\t\t\t<div class=\"em-cal-day em-cal-col-5\">Sab<\/div>\n\t\t\t\t<div class=\"em-cal-day em-cal-col-6\">Dom<\/div>\n\t\t<\/section>\n<section class=\"em-cal-head em-cal-week-days em-cal-days size-small size-medium\">\n\t\t\t<div class=\"em-cal-day em-cal-col-0\">L<\/div>\n\t\t\t\t<div class=\"em-cal-day em-cal-col-1\">M<\/div>\n\t\t\t\t<div class=\"em-cal-day em-cal-col-2\">M<\/div>\n\t\t\t\t<div class=\"em-cal-day em-cal-col-3\">G<\/div>\n\t\t\t\t<div class=\"em-cal-day em-cal-col-4\">V<\/div>\n\t\t\t\t<div class=\"em-cal-day em-cal-col-5\">S<\/div>\n\t\t\t\t<div class=\"em-cal-day em-cal-col-6\">D<\/div>\n\t\t<\/section><section class=\"em-cal-body em-cal-days event-style-pill even-aspect\">\n\t\t\t<div class=\"eventless-pre em-cal-day em-cal-col-1\">\n\t\t\t\t\t\t\t<div class=\"em-cal-day-date\">\n\t\t\t\t\t<span>30<\/span>\n\t\t\t\t<\/div>\n\t\t\t\t\t<\/div>\n\t\t\t\t<div class=\"eventless-pre em-cal-day em-cal-col-2\">\n\t\t\t\t\t\t\t<div class=\"em-cal-day-date\">\n\t\t\t\t\t<span>31<\/span>\n\t\t\t\t<\/div>\n\t\t\t\t\t<\/div>\n\t\t\t\t<div class=\"eventless em-cal-day em-cal-col-3\">\n\t\t\t\t\t\t\t<div class=\"em-cal-day-date\">\n\t\t\t\t\t<span>1<\/span>\n\t\t\t\t<\/div>\n\t\t\t\t\t<\/div>\n\t\t\t\t<div class=\"eventless em-cal-day em-cal-col-4\">\n\t\t\t\t\t\t\t<div class=\"em-cal-day-date\">\n\t\t\t\t\t<span>2<\/span>\n\t\t\t\t<\/div>\n\t\t\t\t\t<\/div>\n\t\t\t\t<div class=\"eventless em-cal-day em-cal-col-5\">\n\t\t\t\t\t\t\t<div class=\"em-cal-day-date\">\n\t\t\t\t\t<span>3<\/span>\n\t\t\t\t<\/div>\n\t\t\t\t\t<\/div>\n\t\t\t\t<div class=\"eventless em-cal-day em-cal-col-6\">\n\t\t\t\t\t\t\t<div class=\"em-cal-day-date\">\n\t\t\t\t\t<span>4<\/span>\n\t\t\t\t<\/div>\n\t\t\t\t\t<\/div>\n\t\t\t\t<div class=\"eventless em-cal-day em-cal-col-7\">\n\t\t\t\t\t\t\t<div class=\"em-cal-day-date\">\n\t\t\t\t\t<span>5<\/span>\n\t\t\t\t<\/div>\n\t\t\t\t\t<\/div>\n\t\t\t\t<div class=\"eventless em-cal-day em-cal-col-1\">\n\t\t\t\t\t\t\t<div class=\"em-cal-day-date\">\n\t\t\t\t\t<span>6<\/span>\n\t\t\t\t<\/div>\n\t\t\t\t\t<\/div>\n\t\t\t\t<div class=\"eventless em-cal-day em-cal-col-2\">\n\t\t\t\t\t\t\t<div class=\"em-cal-day-date\">\n\t\t\t\t\t<span>7<\/span>\n\t\t\t\t<\/div>\n\t\t\t\t\t<\/div>\n\t\t\t\t<div class=\"eventless em-cal-day em-cal-col-3\">\n\t\t\t\t\t\t\t<div class=\"em-cal-day-date\">\n\t\t\t\t\t<span>8<\/span>\n\t\t\t\t<\/div>\n\t\t\t\t\t<\/div>\n\t\t\t\t<div class=\"eventless em-cal-day em-cal-col-4\">\n\t\t\t\t\t\t\t<div class=\"em-cal-day-date\">\n\t\t\t\t\t<span>9<\/span>\n\t\t\t\t<\/div>\n\t\t\t\t\t<\/div>\n\t\t\t\t<div class=\"eventless em-cal-day em-cal-col-5\">\n\t\t\t\t\t\t\t<div class=\"em-cal-day-date\">\n\t\t\t\t\t<span>10<\/span>\n\t\t\t\t<\/div>\n\t\t\t\t\t<\/div>\n\t\t\t\t<div class=\"eventless em-cal-day em-cal-col-6\">\n\t\t\t\t\t\t\t<div class=\"em-cal-day-date\">\n\t\t\t\t\t<span>11<\/span>\n\t\t\t\t<\/div>\n\t\t\t\t\t<\/div>\n\t\t\t\t<div class=\"eventless em-cal-day em-cal-col-7\">\n\t\t\t\t\t\t\t<div class=\"em-cal-day-date\">\n\t\t\t\t\t<span>12<\/span>\n\t\t\t\t<\/div>\n\t\t\t\t\t<\/div>\n\t\t\t\t<div class=\"eventful eventful em-cal-day em-cal-col-1\">\n\t\t\t\t\t\t\t<div class=\"em-cal-day-date colored\" data-date=\"2026-04-13\" data-timestamp=\"1776038400\" >\n\t\t\t\t\t<a href=\"https:\/\/italcamara-es.com\/it\/events\/2026-04-13\/\" title=\"\">13<\/a>\n\t\t\t\t\t\t\t\t\t\t\t<div class=\"limited-icon size-small size-medium\">+<\/div>\n\t\t\t\t\t\t\t\t\t<\/div>\n\t\t\t\t\t\t\t\t\t\t\t<div class=\"em-cal-event multiday has-start has-end days-4\" style=\"--event-background-color:#f0b500;;--event-border-color:#f0b500;;--event-color:#fff;\" data-event-url=\"https:\/\/italcamara-es.com\/it\/?post_type=event&#038;p=61315\" data-event-id=\"80\">\n\t\t\t\t\t\t\t\t<div>9:30 AM - <a href=\"https:\/\/italcamara-es.com\/it\/?post_type=event&#038;p=61315\">Sal\u00f3n de Gourmets - Area Italia<\/a><\/div>\t\t\t\t\t\t\t<\/div>\n\t\t\t\t\t\t\t\t\t\t\t\t\t\t<div class=\"em-cal-event multiday has-start has-end days-4\" style=\"--event-background-color:#f0b500;;--event-border-color:#f0b500;;--event-color:#fff;\" data-event-url=\"https:\/\/italcamara-es.com\/events\/salon-de-gourmets-area-italia\/\" data-event-id=\"79\">\n\t\t\t\t\t\t\t\t<div>9:30 AM - <a href=\"https:\/\/italcamara-es.com\/events\/salon-de-gourmets-area-italia\/\">Sal\u00f3n de Gourmets - \u00c1rea Italia<\/a><\/div>\t\t\t\t\t\t\t<\/div>\n\t\t\t\t\t\t\t\t\t\t\t\t\t<div class=\"em-cal-event\" style=\"--event-background-color:#f0b500;;--event-border-color:#f0b500;;--event-color:#fff;\" data-event-url=\"https:\/\/italcamara-es.com\/events\/taller-redisenar-la-casa-espacios-que-cuidan\/\" data-event-id=\"81\">\n\t\t\t\t\t\t\t<div>4:00 PM - <a href=\"https:\/\/italcamara-es.com\/events\/taller-redisenar-la-casa-espacios-que-cuidan\/\">Taller &quot;Redise\u00f1ar la casa: espacios que cuidan&quot;<\/a><\/div>\n\t\t\t\t\t\t<\/div>\n\t\t\t\t\t\t\t\t\t\t\t<span class=\"date-day-colors\" data-colors=\"[&quot;#f0b500&quot;,&quot;#f0b500&quot;,&quot;#f0b500&quot;]\"><\/span>\n\t\t\t\t\t\t\t\t\t\t\t\t\t\t<div class=\"em-cal-day-limit\"><a href=\"https:\/\/italcamara-es.com\/it\/events\/2026-04-13\/\" class=\"button\">\n\t\t\t\t\t\t\tm\u00e1s...<\/a>\n\t\t\t\t\t<\/div>\n\t\t\t\t\t\t\t\n\t\t\t\t\t<\/div>\n\t\t\t\t<div class=\"eventful eventful em-cal-day em-cal-col-2\">\n\t\t\t\t\t\t\t<div class=\"em-cal-day-date colored\" data-date=\"2026-04-14\" data-timestamp=\"1776124800\" >\n\t\t\t\t\t<a href=\"https:\/\/italcamara-es.com\/it\/events\/2026-04-14\/\" title=\"\">14<\/a>\n\t\t\t\t\t\t\t\t\t\t\t<div class=\"limited-icon size-small size-medium\">+<\/div>\n\t\t\t\t\t\t\t\t\t<\/div>\n\t\t\t\t<div class=\"em-cal-event multiday\" data-event-url=\"https:\/\/italcamara-es.com\/it\/?post_type=event&#038;p=61315\" data-event-id=\"80\"><\/div><div class=\"em-cal-event multiday\" data-event-url=\"https:\/\/italcamara-es.com\/events\/salon-de-gourmets-area-italia\/\" data-event-id=\"79\"><\/div>\t\t\t\t\t\t<div class=\"em-cal-event\" style=\"--event-background-color:#f0b500;;--event-border-color:#f0b500;;--event-color:#fff;\" data-event-url=\"https:\/\/italcamara-es.com\/events\/european-business-drink\/\" data-event-id=\"77\">\n\t\t\t\t\t\t\t<div>7:00 PM - <a href=\"https:\/\/italcamara-es.com\/events\/european-business-drink\/\">European Business Drink<\/a><\/div>\n\t\t\t\t\t\t<\/div>\n\t\t\t\t\t\t\t\t\t\t\t<span class=\"date-day-colors\" data-colors=\"[&quot;#f0b500&quot;,&quot;#f0b500&quot;,&quot;#f0b500&quot;]\"><\/span>\n\t\t\t\t\t\t\t\t\t\t\t\t\t\t<div class=\"em-cal-day-limit\"><a href=\"https:\/\/italcamara-es.com\/it\/events\/2026-04-14\/\" class=\"button\">\n\t\t\t\t\t\t\tm\u00e1s...<\/a>\n\t\t\t\t\t<\/div>\n\t\t\t\t\t\t\t\n\t\t\t\t\t<\/div>\n\t\t\t\t<div class=\"eventful eventful em-cal-day em-cal-col-3\">\n\t\t\t\t\t\t\t<div class=\"em-cal-day-date colored\" data-date=\"2026-04-15\" data-timestamp=\"1776211200\" >\n\t\t\t\t\t<a href=\"https:\/\/italcamara-es.com\/it\/events\/2026-04-15\/\" title=\"\">15<\/a>\n\t\t\t\t\t\t\t\t\t<\/div>\n\t\t\t\t<div class=\"em-cal-event multiday\" data-event-url=\"https:\/\/italcamara-es.com\/it\/?post_type=event&#038;p=61315\" data-event-id=\"80\"><\/div><div class=\"em-cal-event multiday\" data-event-url=\"https:\/\/italcamara-es.com\/events\/salon-de-gourmets-area-italia\/\" data-event-id=\"79\"><\/div>\t\t\t\t\t<span class=\"date-day-colors\" data-colors=\"[&quot;#f0b500&quot;,&quot;#f0b500&quot;]\"><\/span>\n\t\t\t\t\t\t\t\t\t\t\t\t\n\t\t\t\t\t<\/div>\n\t\t\t\t<div class=\"eventful eventful em-cal-day em-cal-col-4\">\n\t\t\t\t\t\t\t<div class=\"em-cal-day-date colored\" data-date=\"2026-04-16\" data-timestamp=\"1776297600\" >\n\t\t\t\t\t<a href=\"https:\/\/italcamara-es.com\/it\/events\/2026-04-16\/\" title=\"\">16<\/a>\n\t\t\t\t\t\t\t\t\t<\/div>\n\t\t\t\t<div class=\"em-cal-event multiday\" data-event-url=\"https:\/\/italcamara-es.com\/it\/?post_type=event&#038;p=61315\" data-event-id=\"80\"><\/div><div class=\"em-cal-event multiday\" data-event-url=\"https:\/\/italcamara-es.com\/events\/salon-de-gourmets-area-italia\/\" data-event-id=\"79\"><\/div>\t\t\t\t\t<span class=\"date-day-colors\" data-colors=\"[&quot;#f0b500&quot;,&quot;#f0b500&quot;]\"><\/span>\n\t\t\t\t\t\t\t\t\t\t\t\t\n\t\t\t\t\t<\/div>\n\t\t\t\t<div class=\"eventless em-cal-day em-cal-col-5\">\n\t\t\t\t\t\t\t<div class=\"em-cal-day-date\">\n\t\t\t\t\t<span>17<\/span>\n\t\t\t\t<\/div>\n\t\t\t\t\t<\/div>\n\t\t\t\t<div class=\"eventless em-cal-day em-cal-col-6\">\n\t\t\t\t\t\t\t<div class=\"em-cal-day-date\">\n\t\t\t\t\t<span>18<\/span>\n\t\t\t\t<\/div>\n\t\t\t\t\t<\/div>\n\t\t\t\t<div class=\"eventless em-cal-day em-cal-col-7\">\n\t\t\t\t\t\t\t<div class=\"em-cal-day-date\">\n\t\t\t\t\t<span>19<\/span>\n\t\t\t\t<\/div>\n\t\t\t\t\t<\/div>\n\t\t\t\t<div class=\"eventless em-cal-day em-cal-col-1\">\n\t\t\t\t\t\t\t<div class=\"em-cal-day-date\">\n\t\t\t\t\t<span>20<\/span>\n\t\t\t\t<\/div>\n\t\t\t\t\t<\/div>\n\t\t\t\t<div class=\"eventless em-cal-day em-cal-col-2\">\n\t\t\t\t\t\t\t<div class=\"em-cal-day-date\">\n\t\t\t\t\t<span>21<\/span>\n\t\t\t\t<\/div>\n\t\t\t\t\t<\/div>\n\t\t\t\t<div class=\"eventless em-cal-day em-cal-col-3\">\n\t\t\t\t\t\t\t<div class=\"em-cal-day-date\">\n\t\t\t\t\t<span>22<\/span>\n\t\t\t\t<\/div>\n\t\t\t\t\t<\/div>\n\t\t\t\t<div class=\"eventful eventful em-cal-day em-cal-col-4\">\n\t\t\t\t\t\t\t<div class=\"em-cal-day-date colored\" data-date=\"2026-04-23\" data-timestamp=\"1776902400\" >\n\t\t\t\t\t<a href=\"https:\/\/italcamara-es.com\/it\/events\/2026-04-23\/\" title=\"\">23<\/a>\n\t\t\t\t\t\t\t\t\t<\/div>\n\t\t\t\t\t\t\t\t\t\t<div class=\"em-cal-event\" style=\"--event-background-color:#f0b500;;--event-border-color:#f0b500;;--event-color:#fff;\" data-event-url=\"https:\/\/italcamara-es.com\/events\/sesioin-formativa-proyecto-oasis-mercados-voluntarios-de-creditos-de-carbono\/\" data-event-id=\"83\">\n\t\t\t\t\t\t\t<div>9:30 AM - <a href=\"https:\/\/italcamara-es.com\/events\/sesioin-formativa-proyecto-oasis-mercados-voluntarios-de-creditos-de-carbono\/\">Sesi\u00f3n formativa proyecto OASIS: Mercados voluntarios de cr\u00e9ditos de carbono<\/a><\/div>\n\t\t\t\t\t\t<\/div>\n\t\t\t\t\t\t\t\t\t\t\t\t<div class=\"em-cal-event\" style=\"--event-background-color:#f0b500;;--event-border-color:#f0b500;;--event-color:#fff;\" data-event-url=\"https:\/\/italcamara-es.com\/it\/events\/sesioin-formativa-proyecto-oasis-mercados-voluntarios-de-creditos-de-carbono\/\" data-event-id=\"85\">\n\t\t\t\t\t\t\t<div>9:30 AM - <a href=\"https:\/\/italcamara-es.com\/it\/events\/sesioin-formativa-proyecto-oasis-mercados-voluntarios-de-creditos-de-carbono\/\">Sessione formativa sul progetto OASIS: Mercati volontari dei crediti di carbonio<\/a><\/div>\n\t\t\t\t\t\t<\/div>\n\t\t\t\t\t\t\t\t\t\t\t\t<div class=\"em-cal-event\" style=\"--event-background-color:#f0b500;;--event-border-color:#f0b500;;--event-color:#fff;\" data-event-url=\"https:\/\/italcamara-es.com\/it\/events\/sesioin-formativa-proyecto-oasis-mercados-voluntarios-de-creditos-de-carbono\/\" data-event-id=\"85\">\n\t\t\t\t\t\t\t<div>9:30 AM - <a href=\"https:\/\/italcamara-es.com\/it\/events\/sesioin-formativa-proyecto-oasis-mercados-voluntarios-de-creditos-de-carbono\/\">Sessione formativa sul progetto OASIS: Mercati volontari dei crediti di carbonio<\/a><\/div>\n\t\t\t\t\t\t<\/div>\n\t\t\t\t\t\t\t\t\t\t\t<span class=\"date-day-colors\" data-colors=\"[&quot;#f0b500&quot;,&quot;#f0b500&quot;,&quot;#f0b500&quot;]\"><\/span>\n\t\t\t\t\t\t\t\t\t\t\t\t\n\t\t\t\t\t<\/div>\n\t\t\t\t<div class=\"eventless em-cal-day em-cal-col-5\">\n\t\t\t\t\t\t\t<div class=\"em-cal-day-date\">\n\t\t\t\t\t<span>24<\/span>\n\t\t\t\t<\/div>\n\t\t\t\t\t<\/div>\n\t\t\t\t<div class=\"eventful eventful em-cal-day em-cal-col-6\">\n\t\t\t\t\t\t\t<div class=\"em-cal-day-date colored\" data-date=\"2026-04-25\" data-timestamp=\"1777075200\" >\n\t\t\t\t\t<a href=\"https:\/\/italcamara-es.com\/it\/events\/2026-04-25\/\" title=\"\">25<\/a>\n\t\t\t\t\t\t\t\t\t<\/div>\n\t\t\t\t\t\t\t\t\t\t\t<div class=\"em-cal-event multiday has-start days-2\" style=\"--event-background-color:#f0b500;;--event-border-color:#f0b500;;--event-color:#fff;\" data-event-url=\"https:\/\/italcamara-es.com\/events\/mida-firenze-2026\/\" data-event-id=\"53\">\n\t\t\t\t\t\t\t\t<div>9:00 AM - <a href=\"https:\/\/italcamara-es.com\/events\/mida-firenze-2026\/\">MIDA FIRENZE 2026<\/a><\/div>\t\t\t\t\t\t\t<\/div>\n\t\t\t\t\t\t\t\t\t\t\t\t\t\t<div class=\"em-cal-event multiday has-start days-2\" style=\"--event-background-color:#f0b500;;--event-border-color:#f0b500;;--event-color:#fff;\" data-event-url=\"https:\/\/italcamara-es.com\/it\/events\/mida-firenze-2026\/\" data-event-id=\"54\">\n\t\t\t\t\t\t\t\t<div>9:00 AM - <a href=\"https:\/\/italcamara-es.com\/it\/events\/mida-firenze-2026\/\">MIDA FIRENZE 2026<\/a><\/div>\t\t\t\t\t\t\t<\/div>\n\t\t\t\t\t\t\t\t\t\t\t\t<span class=\"date-day-colors\" data-colors=\"[&quot;#f0b500&quot;,&quot;#f0b500&quot;]\"><\/span>\n\t\t\t\t\t\t\t\t\t\t\t\t\n\t\t\t\t\t<\/div>\n\t\t\t\t<div class=\"eventful eventful-today em-cal-day em-cal-col-7\">\n\t\t\t\t\t\t\t<div class=\"em-cal-day-date colored\" data-date=\"2026-04-26\" data-timestamp=\"1777161600\" >\n\t\t\t\t\t<a href=\"https:\/\/italcamara-es.com\/it\/events\/2026-04-26\/\" title=\"\">26<\/a>\n\t\t\t\t\t\t\t\t\t<\/div>\n\t\t\t\t<div class=\"em-cal-event multiday\" data-event-url=\"https:\/\/italcamara-es.com\/events\/mida-firenze-2026\/\" data-event-id=\"53\"><\/div><div class=\"em-cal-event multiday\" data-event-url=\"https:\/\/italcamara-es.com\/it\/events\/mida-firenze-2026\/\" data-event-id=\"54\"><\/div>\t\t\t\t\t<span class=\"date-day-colors\" data-colors=\"[&quot;#f0b500&quot;,&quot;#f0b500&quot;]\"><\/span>\n\t\t\t\t\t\t\t\t\t\t\t\t\n\t\t\t\t\t<\/div>\n\t\t\t\t<div class=\"eventful eventful em-cal-day em-cal-col-1\">\n\t\t\t\t\t\t\t<div class=\"em-cal-day-date colored\" data-date=\"2026-04-27\" data-timestamp=\"1777248000\" >\n\t\t\t\t\t<a href=\"https:\/\/italcamara-es.com\/it\/events\/2026-04-27\/\" title=\"\">27<\/a>\n\t\t\t\t\t\t\t\t\t<\/div>\n\t\t\t\t\t\t\t\t\t\t\t<div class=\"em-cal-event multiday days-7\" style=\"--event-background-color:#f0b500;;--event-border-color:#f0b500;;--event-color:#fff;\" data-event-url=\"https:\/\/italcamara-es.com\/it\/events\/mida-firenze-2026\/\" data-event-id=\"54\">\n\t\t\t\t\t\t\t\t<div>9:00 AM - <a href=\"https:\/\/italcamara-es.com\/it\/events\/mida-firenze-2026\/\">MIDA FIRENZE 2026<\/a><\/div>\t\t\t\t\t\t\t<\/div>\n\t\t\t\t\t\t\t\t\t\t\t\t\t\t<div class=\"em-cal-event multiday days-7\" style=\"--event-background-color:#f0b500;;--event-border-color:#f0b500;;--event-color:#fff;\" data-event-url=\"https:\/\/italcamara-es.com\/events\/mida-firenze-2026\/\" data-event-id=\"53\">\n\t\t\t\t\t\t\t\t<div>9:00 AM - <a href=\"https:\/\/italcamara-es.com\/events\/mida-firenze-2026\/\">MIDA FIRENZE 2026<\/a><\/div>\t\t\t\t\t\t\t<\/div>\n\t\t\t\t\t\t\t\t\t\t\t\t<span class=\"date-day-colors\" data-colors=\"[&quot;#f0b500&quot;,&quot;#f0b500&quot;]\"><\/span>\n\t\t\t\t\t\t\t\t\t\t\t\t\n\t\t\t\t\t<\/div>\n\t\t\t\t<div class=\"eventful eventful em-cal-day em-cal-col-2\">\n\t\t\t\t\t\t\t<div class=\"em-cal-day-date colored\" data-date=\"2026-04-28\" data-timestamp=\"1777334400\" >\n\t\t\t\t\t<a href=\"https:\/\/italcamara-es.com\/it\/events\/2026-04-28\/\" title=\"\">28<\/a>\n\t\t\t\t\t\t\t\t\t\t\t<div class=\"limited-icon size-small size-medium\">+<\/div>\n\t\t\t\t\t\t\t\t\t<\/div>\n\t\t\t\t<div class=\"em-cal-event multiday\" data-event-url=\"https:\/\/italcamara-es.com\/it\/events\/mida-firenze-2026\/\" data-event-id=\"54\"><\/div><div class=\"em-cal-event multiday\" data-event-url=\"https:\/\/italcamara-es.com\/events\/mida-firenze-2026\/\" data-event-id=\"53\"><\/div>\t\t\t\t\t\t<div class=\"em-cal-event\" style=\"--event-background-color:#f0b500;;--event-border-color:#f0b500;;--event-color:#fff;\" data-event-url=\"https:\/\/italcamara-es.com\/events\/webinar-la-digitalizacion-documental-en-el-transporte\/\" data-event-id=\"86\">\n\t\t\t\t\t\t\t<div>10:00 AM - <a href=\"https:\/\/italcamara-es.com\/events\/webinar-la-digitalizacion-documental-en-el-transporte\/\">Webinar: &quot;La digitalizaci\u00f3n documental en el transporte&quot;<\/a><\/div>\n\t\t\t\t\t\t<\/div>\n\t\t\t\t\t\t\t\t\t\t\t<span class=\"date-day-colors\" data-colors=\"[&quot;#f0b500&quot;,&quot;#f0b500&quot;,&quot;#f0b500&quot;]\"><\/span>\n\t\t\t\t\t\t\t\t\t\t\t\t\t\t<div class=\"em-cal-day-limit\"><a href=\"https:\/\/italcamara-es.com\/it\/events\/2026-04-28\/\" class=\"button\">\n\t\t\t\t\t\t\tm\u00e1s...<\/a>\n\t\t\t\t\t<\/div>\n\t\t\t\t\t\t\t\n\t\t\t\t\t<\/div>\n\t\t\t\t<div class=\"eventful eventful em-cal-day em-cal-col-3\">\n\t\t\t\t\t\t\t<div class=\"em-cal-day-date colored\" data-date=\"2026-04-29\" data-timestamp=\"1777420800\" >\n\t\t\t\t\t<a href=\"https:\/\/italcamara-es.com\/it\/events\/2026-04-29\/\" title=\"\">29<\/a>\n\t\t\t\t\t\t\t\t\t<\/div>\n\t\t\t\t<div class=\"em-cal-event multiday\" data-event-url=\"https:\/\/italcamara-es.com\/it\/events\/mida-firenze-2026\/\" data-event-id=\"54\"><\/div><div class=\"em-cal-event multiday\" data-event-url=\"https:\/\/italcamara-es.com\/events\/mida-firenze-2026\/\" data-event-id=\"53\"><\/div>\t\t\t\t\t<span class=\"date-day-colors\" data-colors=\"[&quot;#f0b500&quot;,&quot;#f0b500&quot;]\"><\/span>\n\t\t\t\t\t\t\t\t\t\t\t\t\n\t\t\t\t\t<\/div>\n\t\t\t\t<div class=\"eventful eventful em-cal-day em-cal-col-4\">\n\t\t\t\t\t\t\t<div class=\"em-cal-day-date colored\" data-date=\"2026-04-30\" data-timestamp=\"1777507200\" >\n\t\t\t\t\t<a href=\"https:\/\/italcamara-es.com\/it\/events\/2026-04-30\/\" title=\"\">30<\/a>\n\t\t\t\t\t\t\t\t\t<\/div>\n\t\t\t\t<div class=\"em-cal-event multiday\" data-event-url=\"https:\/\/italcamara-es.com\/it\/events\/mida-firenze-2026\/\" data-event-id=\"54\"><\/div><div class=\"em-cal-event multiday\" data-event-url=\"https:\/\/italcamara-es.com\/events\/mida-firenze-2026\/\" data-event-id=\"53\"><\/div>\t\t\t\t\t<span class=\"date-day-colors\" data-colors=\"[&quot;#f0b500&quot;,&quot;#f0b500&quot;]\"><\/span>\n\t\t\t\t\t\t\t\t\t\t\t\t\n\t\t\t\t\t<\/div>\n\t\t\t\t<div class=\"eventful eventful-post em-cal-day em-cal-col-5\">\n\t\t\t\t\t\t\t<div class=\"em-cal-day-date colored\" data-date=\"2026-05-01\" data-timestamp=\"1777593600\" >\n\t\t\t\t\t<a href=\"https:\/\/italcamara-es.com\/it\/events\/2026-05-01\/\" title=\"\">1<\/a>\n\t\t\t\t\t\t\t\t\t<\/div>\n\t\t\t\t<div class=\"em-cal-event multiday\" data-event-url=\"https:\/\/italcamara-es.com\/it\/events\/mida-firenze-2026\/\" data-event-id=\"54\"><\/div><div class=\"em-cal-event multiday\" data-event-url=\"https:\/\/italcamara-es.com\/events\/mida-firenze-2026\/\" data-event-id=\"53\"><\/div>\t\t\t\t\t<span class=\"date-day-colors\" data-colors=\"[&quot;#f0b500&quot;,&quot;#f0b500&quot;]\"><\/span>\n\t\t\t\t\t\t\t\t\t\t\t\t\n\t\t\t\t\t<\/div>\n\t\t\t\t<div class=\"eventful eventful-post em-cal-day em-cal-col-6\">\n\t\t\t\t\t\t\t<div class=\"em-cal-day-date colored\" data-date=\"2026-05-02\" data-timestamp=\"1777680000\" >\n\t\t\t\t\t<a href=\"https:\/\/italcamara-es.com\/it\/events\/2026-05-02\/\" title=\"\">2<\/a>\n\t\t\t\t\t\t\t\t\t<\/div>\n\t\t\t\t<div class=\"em-cal-event multiday\" data-event-url=\"https:\/\/italcamara-es.com\/it\/events\/mida-firenze-2026\/\" data-event-id=\"54\"><\/div><div class=\"em-cal-event multiday\" data-event-url=\"https:\/\/italcamara-es.com\/events\/mida-firenze-2026\/\" data-event-id=\"53\"><\/div>\t\t\t\t\t<span class=\"date-day-colors\" data-colors=\"[&quot;#f0b500&quot;,&quot;#f0b500&quot;]\"><\/span>\n\t\t\t\t\t\t\t\t\t\t\t\t\n\t\t\t\t\t<\/div>\n\t\t\t\t<div class=\"eventless-post em-cal-day em-cal-col-7\">\n\t\t\t\t\t\t\t<div class=\"em-cal-day-date\">\n\t\t\t\t\t<span>3<\/span>\n\t\t\t\t<\/div>\n\t\t\t\t\t<\/div>\n\t\t<\/section><section class=\"em-cal-events-content\" id=\"em-cal-events-content-636872952\">\n\t\t\t\t\t\t\t\t<div class=\"em pixelbones em-calendar-preview em-modal em-cal-event-content\" data-event-id=\"79\" data-parent=\"em-cal-events-content-636872952\">\n\t<div class=\"em-modal-popup\">\n\t\t<header>\n\t\t\t<a class=\"em-close-modal\"><\/a><!-- close modal -->\n\t\t\t<div class=\"em-modal-title\">\n\t\t\t\t<a href=\"https:\/\/italcamara-es.com\/events\/salon-de-gourmets-area-italia\/\">Sal\u00f3n de Gourmets - \u00c1rea Italia<\/a>\t\t\t<\/div>\n\t\t<\/header>\n\t\t<div class=\"em-modal-content\">\n\t\t\t<div class=\"em pixelbones em-calendar-preview em-list em-events-list\">\n\t<div class=\"em-event em-item\" style=\"--default-border:#f0b500;\">\n\t\t<div class=\"em-item-image \">\n\t\t\t\n\t\t\t<img src='https:\/\/italcamara-es.com\/wp-content\/uploads\/2026\/03\/Area-Italia-Gourmet-def.png' alt='Sal\u00f3n de Gourmets - \u00c1rea Italia'\/>\n\t\t\t\n\t\t\t\n\t\t<\/div>\n\t\t<div class=\"em-item-info\">\n\t\t\t<div class=\"em-event-meta em-item-meta\">\n\t\t\t\t<div class=\"em-item-meta-line em-event-date em-event-meta-datetime\">\n\t\t\t\t\t<span class=\"em-icon-calendar em-icon\"><\/span>\n\t\t\t\t\t13  Aprile  2026 - 16  Aprile  2026&nbsp;&nbsp;&nbsp;&nbsp;\n\t\t\t\t<\/div>\n\t\t\t\t<div class=\"em-item-meta-line em-event-time em-event-meta-datetime\">\n\t\t\t\t\t<span class=\"em-icon-clock em-icon\"><\/span>\n\t\t\t\t\t09:30 - 18:30\n\t\t\t\t<\/div>\n\t\t\t\t\n\t\t\t\t\n\t\t\t\t<div class=\"em-item-meta-line em-event-location\">\n\t\t\t\t\t<span class=\"em-icon-location em-icon\"><\/span>\n\t\t\t\t\t<a href=\"https:\/\/italcamara-es.com\/it\/locations\/ifema-madrid\/\">IFEMA Madrid<\/a>\n\t\t\t\t<\/div>\n\t\t\t\t\n\t\t\t\t\n\t\t\t\t\n\t\t\t\t<div class=\"em-item-meta-line em-item-taxonomy em-event-categories\">\n\t\t\t\t\t<span class=\"em-icon-category em-icon\"><\/span>\n\t\t\t\t\t<div>\t<ul class=\"event-categories\">\r\n\t\t\t\t\t<li><a href=\"https:\/\/italcamara-es.com\/events\/categories\/agroalimentario\/\">Agroalimentario<\/a><\/li>\r\n\t\t\t<\/ul>\r\n\t<\/div>\n\t\t\t\t<\/div>\n\t\t\t\t\n\t\t\t\t\n\t\t\t\t<div class=\"em-item-meta-line em-item-taxonomy em-event-tags\">\n\t\t\t\t\t<span class=\"em-icon-tag em-icon\"><\/span>\n\t\t\t\t\t<div><a href=\"https:\/\/italcamara-es.com\/it\/events\/tags\/feria-it\/\">Feria<\/a><\/div>\n\t\t\t\t<\/div>\n\t\t\t\t\n\t\t\t<\/div>\n\t\t\t<div class=\"em-item-desc\">\n\t\t\t\tLa CCIS gestiona un \u00e1rea expositiva dedicada a las empresas italianas en el Sal\u00f3n de Gourmets de Madrid, el certamen m\u00e1s importantes sobre la gastronom\u00eda [...]\n\t\t\t<\/div>\n\t\t\t<div class=\"em-item-actions input\">\n\t\t\t\t<a class=\"em-item-read-more button\" href=\"https:\/\/italcamara-es.com\/events\/salon-de-gourmets-area-italia\/\">Continua a leggere<\/a>\n\t\t\t\t\n\t\t\t<\/div>\n\t\t<\/div>\n\t<\/div>\n<\/div>\t\t<\/div><!-- content -->\n\t\n\t<\/div><!-- modal -->\n<\/div>\t\t\t\t\t<div class=\"em pixelbones em-calendar-preview em-modal em-cal-event-content\" data-event-id=\"80\" data-parent=\"em-cal-events-content-636872952\">\n\t<div class=\"em-modal-popup\">\n\t\t<header>\n\t\t\t<a class=\"em-close-modal\"><\/a><!-- close modal -->\n\t\t\t<div class=\"em-modal-title\">\n\t\t\t\t<a href=\"https:\/\/italcamara-es.com\/it\/?post_type=event&#038;p=61315\">Sal\u00f3n de Gourmets - Area Italia<\/a>\t\t\t<\/div>\n\t\t<\/header>\n\t\t<div class=\"em-modal-content\">\n\t\t\t<div class=\"em pixelbones em-calendar-preview em-list em-events-list\">\n\t<div class=\"em-event em-item\" style=\"--default-border:#f0b500;\">\n\t\t<div class=\"em-item-image \">\n\t\t\t\n\t\t\t<img src='https:\/\/italcamara-es.com\/wp-content\/uploads\/2026\/03\/Area-Italia-Gourmet-def.png' alt='Sal\u00f3n de Gourmets - Area Italia'\/>\n\t\t\t\n\t\t\t\n\t\t<\/div>\n\t\t<div class=\"em-item-info\">\n\t\t\t<div class=\"em-event-meta em-item-meta\">\n\t\t\t\t<div class=\"em-item-meta-line em-event-date em-event-meta-datetime\">\n\t\t\t\t\t<span class=\"em-icon-calendar em-icon\"><\/span>\n\t\t\t\t\t13  Aprile  2026 - 16  Aprile  2026&nbsp;&nbsp;&nbsp;&nbsp;\n\t\t\t\t<\/div>\n\t\t\t\t<div class=\"em-item-meta-line em-event-time em-event-meta-datetime\">\n\t\t\t\t\t<span class=\"em-icon-clock em-icon\"><\/span>\n\t\t\t\t\t09:30 - 18:30\n\t\t\t\t<\/div>\n\t\t\t\t\n\t\t\t\t\n\t\t\t\t<div class=\"em-item-meta-line em-event-location\">\n\t\t\t\t\t<span class=\"em-icon-location em-icon\"><\/span>\n\t\t\t\t\t<a href=\"https:\/\/italcamara-es.com\/it\/locations\/ifema-madrid\/\">IFEMA Madrid<\/a>\n\t\t\t\t<\/div>\n\t\t\t\t\n\t\t\t\t\n\t\t\t\t\n\t\t\t\t\n\t\t\t\t<div class=\"em-item-meta-line em-item-taxonomy em-event-tags\">\n\t\t\t\t\t<span class=\"em-icon-tag em-icon\"><\/span>\n\t\t\t\t\t<div><a href=\"https:\/\/italcamara-es.com\/it\/events\/tags\/feria-it\/\">Fiera<\/a><\/div>\n\t\t\t\t<\/div>\n\t\t\t\t\n\t\t\t<\/div>\n\t\t\t<div class=\"em-item-desc\">\n\t\t\t\tLa CCIS gestisce un'area espositiva dedicata alle aziende italiane al Sal\u00f3n de Gourmets di Madrid, la pi\u00f9 importante fiera dedicata alla gastronomia di qualit\u00e0 in [...]\n\t\t\t<\/div>\n\t\t\t<div class=\"em-item-actions input\">\n\t\t\t\t<a class=\"em-item-read-more button\" href=\"https:\/\/italcamara-es.com\/it\/?post_type=event&#038;p=61315\">Continua a leggere<\/a>\n\t\t\t\t\n\t\t\t<\/div>\n\t\t<\/div>\n\t<\/div>\n<\/div>\t\t<\/div><!-- content -->\n\t\n\t<\/div><!-- modal -->\n<\/div>\t\t\t\t\t<div class=\"em pixelbones em-calendar-preview em-modal em-cal-event-content\" data-event-id=\"81\" data-parent=\"em-cal-events-content-636872952\">\n\t<div class=\"em-modal-popup\">\n\t\t<header>\n\t\t\t<a class=\"em-close-modal\"><\/a><!-- close modal -->\n\t\t\t<div class=\"em-modal-title\">\n\t\t\t\t<a href=\"https:\/\/italcamara-es.com\/events\/taller-redisenar-la-casa-espacios-que-cuidan\/\">Taller &quot;Redise\u00f1ar la casa: espacios que cuidan&quot;<\/a>\t\t\t<\/div>\n\t\t<\/header>\n\t\t<div class=\"em-modal-content\">\n\t\t\t<div class=\"em pixelbones em-calendar-preview em-list em-events-list\">\n\t<div class=\"em-event em-item\" style=\"--default-border:#f0b500;\">\n\t\t<div class=\"em-item-image \">\n\t\t\t\n\t\t\t<img src='https:\/\/italcamara-es.com\/wp-content\/uploads\/2026\/03\/taller-casa-1000.png' alt='Taller &quot;Redise\u00f1ar la casa: espacios que cuidan&quot;'\/>\n\t\t\t\n\t\t\t\n\t\t<\/div>\n\t\t<div class=\"em-item-info\">\n\t\t\t<div class=\"em-event-meta em-item-meta\">\n\t\t\t\t<div class=\"em-item-meta-line em-event-date em-event-meta-datetime\">\n\t\t\t\t\t<span class=\"em-icon-calendar em-icon\"><\/span>\n\t\t\t\t\t13  Aprile  2026&nbsp;&nbsp;&nbsp;&nbsp;\n\t\t\t\t<\/div>\n\t\t\t\t<div class=\"em-item-meta-line em-event-time em-event-meta-datetime\">\n\t\t\t\t\t<span class=\"em-icon-clock em-icon\"><\/span>\n\t\t\t\t\t16:00 - 18:00\n\t\t\t\t<\/div>\n\t\t\t\t\n\t\t\t\t\n\t\t\t\t<div class=\"em-item-meta-line em-event-location\">\n\t\t\t\t\t<span class=\"em-icon-location em-icon\"><\/span>\n\t\t\t\t\t<a href=\"https:\/\/italcamara-es.com\/it\/locations\/sede-de-la-ccis\/\">Sede de la CCIS<\/a>\n\t\t\t\t<\/div>\n\t\t\t\t\n\t\t\t\t\n\t\t\t\t\n\t\t\t\t<div class=\"em-item-meta-line em-item-taxonomy em-event-categories\">\n\t\t\t\t\t<span class=\"em-icon-category em-icon\"><\/span>\n\t\t\t\t\t<div>\t<ul class=\"event-categories\">\r\n\t\t\t\t\t<li><a href=\"https:\/\/italcamara-es.com\/it\/events\/categories\/evento-it\/\">Evento<\/a><\/li>\r\n\t\t\t<\/ul>\r\n\t<\/div>\n\t\t\t\t<\/div>\n\t\t\t\t\n\t\t\t\t\n\t\t\t\t<div class=\"em-item-meta-line em-item-taxonomy em-event-tags\">\n\t\t\t\t\t<span class=\"em-icon-tag em-icon\"><\/span>\n\t\t\t\t\t<div><a href=\"https:\/\/italcamara-es.com\/it\/events\/tags\/otros-it\/\">Otros<\/a><\/div>\n\t\t\t\t<\/div>\n\t\t\t\t\n\t\t\t<\/div>\n\t\t\t<div class=\"em-item-desc\">\n\t\t\t\tEl taller \u201cRedise\u00f1ar la casa: espacios que cuidan\u201d es\u00a0una experiencia creativa orientada a reflexionar sobre la influencia de los espacios en la manera en que [...]\n\t\t\t<\/div>\n\t\t\t<div class=\"em-item-actions input\">\n\t\t\t\t<a class=\"em-item-read-more button\" href=\"https:\/\/italcamara-es.com\/events\/taller-redisenar-la-casa-espacios-que-cuidan\/\">Continua a leggere<\/a>\n\t\t\t\t\n\t\t\t<\/div>\n\t\t<\/div>\n\t<\/div>\n<\/div>\t\t<\/div><!-- content -->\n\t\n\t<\/div><!-- modal -->\n<\/div>\t\t\t\t\t<div class=\"em pixelbones em-calendar-preview em-modal em-cal-event-content\" data-event-id=\"77\" data-parent=\"em-cal-events-content-636872952\">\n\t<div class=\"em-modal-popup\">\n\t\t<header>\n\t\t\t<a class=\"em-close-modal\"><\/a><!-- close modal -->\n\t\t\t<div class=\"em-modal-title\">\n\t\t\t\t<a href=\"https:\/\/italcamara-es.com\/events\/european-business-drink\/\">European Business Drink<\/a>\t\t\t<\/div>\n\t\t<\/header>\n\t\t<div class=\"em-modal-content\">\n\t\t\t<div class=\"em pixelbones em-calendar-preview em-list em-events-list\">\n\t<div class=\"em-event em-item\" style=\"--default-border:#f0b500;\">\n\t\t<div class=\"em-item-image \">\n\t\t\t\n\t\t\t<img src='https:\/\/italcamara-es.com\/wp-content\/uploads\/2026\/03\/EBD-abril-26-1000-def.png' alt='European Business Drink'\/>\n\t\t\t\n\t\t\t\n\t\t<\/div>\n\t\t<div class=\"em-item-info\">\n\t\t\t<div class=\"em-event-meta em-item-meta\">\n\t\t\t\t<div class=\"em-item-meta-line em-event-date em-event-meta-datetime\">\n\t\t\t\t\t<span class=\"em-icon-calendar em-icon\"><\/span>\n\t\t\t\t\t14  Aprile  2026&nbsp;&nbsp;&nbsp;&nbsp;\n\t\t\t\t<\/div>\n\t\t\t\t<div class=\"em-item-meta-line em-event-time em-event-meta-datetime\">\n\t\t\t\t\t<span class=\"em-icon-clock em-icon\"><\/span>\n\t\t\t\t\t19:00 - 21:00\n\t\t\t\t<\/div>\n\t\t\t\t\n\t\t\t\t\n\t\t\t\t<div class=\"em-item-meta-line em-event-location\">\n\t\t\t\t\t<span class=\"em-icon-location em-icon\"><\/span>\n\t\t\t\t\t<a href=\"https:\/\/italcamara-es.com\/it\/locations\/restaurante-la-cuadrilla-alberto-alcocer\/\">Restaurante la Cuadrilla Alberto Alcocer<\/a>\n\t\t\t\t<\/div>\n\t\t\t\t\n\t\t\t\t\n\t\t\t\t\n\t\t\t\t<div class=\"em-item-meta-line em-item-taxonomy em-event-categories\">\n\t\t\t\t\t<span class=\"em-icon-category em-icon\"><\/span>\n\t\t\t\t\t<div>\t<ul class=\"event-categories\">\r\n\t\t\t\t\t<li><a href=\"https:\/\/italcamara-es.com\/it\/events\/categories\/evento-it\/\">Evento<\/a><\/li>\r\n\t\t\t<\/ul>\r\n\t<\/div>\n\t\t\t\t<\/div>\n\t\t\t\t\n\t\t\t\t\n\t\t\t\t<div class=\"em-item-meta-line em-item-taxonomy em-event-tags\">\n\t\t\t\t\t<span class=\"em-icon-tag em-icon\"><\/span>\n\t\t\t\t\t<div><a href=\"https:\/\/italcamara-es.com\/it\/events\/tags\/otros-it\/\">Otros<\/a><\/div>\n\t\t\t\t<\/div>\n\t\t\t\t\n\t\t\t<\/div>\n\t\t\t<div class=\"em-item-desc\">\n\t\t\t\tEl pr\u00f3ximo European Business Drink organizado por las C\u00e1maras de Comercio Europeas, que tendr\u00e1 lugar el martes 14 de abril, de 19 a 21 horas [...]\n\t\t\t<\/div>\n\t\t\t<div class=\"em-item-actions input\">\n\t\t\t\t<a class=\"em-item-read-more button\" href=\"https:\/\/italcamara-es.com\/events\/european-business-drink\/\">Continua a leggere<\/a>\n\t\t\t\t\n\t\t\t<\/div>\n\t\t<\/div>\n\t<\/div>\n<\/div>\t\t<\/div><!-- content -->\n\t\n\t<\/div><!-- modal -->\n<\/div>\t\t\t\t\t<div class=\"em pixelbones em-calendar-preview em-modal em-cal-event-content\" data-event-id=\"83\" data-parent=\"em-cal-events-content-636872952\">\n\t<div class=\"em-modal-popup\">\n\t\t<header>\n\t\t\t<a class=\"em-close-modal\"><\/a><!-- close modal -->\n\t\t\t<div class=\"em-modal-title\">\n\t\t\t\t<a href=\"https:\/\/italcamara-es.com\/events\/sesioin-formativa-proyecto-oasis-mercados-voluntarios-de-creditos-de-carbono\/\">Sesi\u00f3n formativa proyecto OASIS: Mercados voluntarios de cr\u00e9ditos de carbono<\/a>\t\t\t<\/div>\n\t\t<\/header>\n\t\t<div class=\"em-modal-content\">\n\t\t\t<div class=\"em pixelbones em-calendar-preview em-list em-events-list\">\n\t<div class=\"em-event em-item\" style=\"--default-border:#f0b500;\">\n\t\t<div class=\"em-item-image \">\n\t\t\t\n\t\t\t<img src='https:\/\/italcamara-es.com\/wp-content\/uploads\/2026\/04\/imagen-evento-oasis.png' alt='Sesi\u00f3n formativa proyecto OASIS: Mercados voluntarios de cr\u00e9ditos de carbono'\/>\n\t\t\t\n\t\t\t\n\t\t<\/div>\n\t\t<div class=\"em-item-info\">\n\t\t\t<div class=\"em-event-meta em-item-meta\">\n\t\t\t\t<div class=\"em-item-meta-line em-event-date em-event-meta-datetime\">\n\t\t\t\t\t<span class=\"em-icon-calendar em-icon\"><\/span>\n\t\t\t\t\t23  Aprile  2026&nbsp;&nbsp;&nbsp;&nbsp;\n\t\t\t\t<\/div>\n\t\t\t\t<div class=\"em-item-meta-line em-event-time em-event-meta-datetime\">\n\t\t\t\t\t<span class=\"em-icon-clock em-icon\"><\/span>\n\t\t\t\t\t09:30 - 11:00\n\t\t\t\t<\/div>\n\t\t\t\t\n\t\t\t\t\n\t\t\t\t\n\t\t\t\t<div class=\"em-item-meta-line em-event-location\">\n\t\t\t\t\t<span class=\"em-icon-at em-icon\"><\/span>\n\t\t\t\t\t<a href=\"https:\/\/us02web.zoom.us\/j\/83539950774\" target=\"_blank\">Enlace de registro<\/a>\n\t\t\t\t<\/div>\n\t\t\t\t\n\t\t\t\t\n\t\t\t\t<div class=\"em-item-meta-line em-item-taxonomy em-event-categories\">\n\t\t\t\t\t<span class=\"em-icon-category em-icon\"><\/span>\n\t\t\t\t\t<div>\t<ul class=\"event-categories\">\r\n\t\t\t\t\t<li><a href=\"https:\/\/italcamara-es.com\/events\/categories\/agroalimentario\/\">Agroalimentario<\/a><\/li>\r\n\t\t\t\t\t<li><a href=\"https:\/\/italcamara-es.com\/events\/categories\/energia-y-medioambiente\/\">Energ\u00eda y medioambiente<\/a><\/li>\r\n\t\t\t<\/ul>\r\n\t<\/div>\n\t\t\t\t<\/div>\n\t\t\t\t\n\t\t\t\t\n\t\t\t\t<div class=\"em-item-meta-line em-item-taxonomy em-event-tags\">\n\t\t\t\t\t<span class=\"em-icon-tag em-icon\"><\/span>\n\t\t\t\t\t<div><a href=\"https:\/\/italcamara-es.com\/it\/events\/tags\/otros-it\/\">Otros<\/a><\/div>\n\t\t\t\t<\/div>\n\t\t\t\t\n\t\t\t<\/div>\n\t\t\t<div class=\"em-item-desc\">\n\t\t\t\tEl\u00a0 proyecto eruopeo OASIS pretende impulsar la sostenibilidad, la innovaci\u00f3n y la capacitaci\u00f3n en el sector agroalimentario, con especial atenci\u00f3n a la olivicultura. Esta nueva [...]\n\t\t\t<\/div>\n\t\t\t<div class=\"em-item-actions input\">\n\t\t\t\t<a class=\"em-item-read-more button\" href=\"https:\/\/italcamara-es.com\/events\/sesioin-formativa-proyecto-oasis-mercados-voluntarios-de-creditos-de-carbono\/\">Continua a leggere<\/a>\n\t\t\t\t\n\t\t\t<\/div>\n\t\t<\/div>\n\t<\/div>\n<\/div>\t\t<\/div><!-- content -->\n\t\n\t<\/div><!-- modal -->\n<\/div>\t\t\t\t\t<div class=\"em pixelbones em-calendar-preview em-modal em-cal-event-content\" data-event-id=\"85\" data-parent=\"em-cal-events-content-636872952\">\n\t<div class=\"em-modal-popup\">\n\t\t<header>\n\t\t\t<a class=\"em-close-modal\"><\/a><!-- close modal -->\n\t\t\t<div class=\"em-modal-title\">\n\t\t\t\t<a href=\"https:\/\/italcamara-es.com\/it\/events\/sesioin-formativa-proyecto-oasis-mercados-voluntarios-de-creditos-de-carbono\/\">Sessione formativa sul progetto OASIS: Mercati volontari dei crediti di carbonio<\/a>\t\t\t<\/div>\n\t\t<\/header>\n\t\t<div class=\"em-modal-content\">\n\t\t\t<div class=\"em pixelbones em-calendar-preview em-list em-events-list\">\n\t<div class=\"em-event em-item\" style=\"--default-border:#f0b500;\">\n\t\t<div class=\"em-item-image \">\n\t\t\t\n\t\t\t<img src='https:\/\/italcamara-es.com\/wp-content\/uploads\/2026\/04\/imagen-evento-oasis.png' alt='Sessione formativa sul progetto OASIS: Mercati volontari dei crediti di carbonio'\/>\n\t\t\t\n\t\t\t\n\t\t<\/div>\n\t\t<div class=\"em-item-info\">\n\t\t\t<div class=\"em-event-meta em-item-meta\">\n\t\t\t\t<div class=\"em-item-meta-line em-event-date em-event-meta-datetime\">\n\t\t\t\t\t<span class=\"em-icon-calendar em-icon\"><\/span>\n\t\t\t\t\t23  Aprile  2026&nbsp;&nbsp;&nbsp;&nbsp;\n\t\t\t\t<\/div>\n\t\t\t\t<div class=\"em-item-meta-line em-event-time em-event-meta-datetime\">\n\t\t\t\t\t<span class=\"em-icon-clock em-icon\"><\/span>\n\t\t\t\t\t09:30 - 11:00\n\t\t\t\t<\/div>\n\t\t\t\t\n\t\t\t\t\n\t\t\t\t\n\t\t\t\t<div class=\"em-item-meta-line em-event-location\">\n\t\t\t\t\t<span class=\"em-icon-at em-icon\"><\/span>\n\t\t\t\t\t<a href=\"https:\/\/us02web.zoom.us\/j\/83539950774\" target=\"_blank\">link per iscrizione<\/a>\n\t\t\t\t<\/div>\n\t\t\t\t\n\t\t\t\t\n\t\t\t\t<div class=\"em-item-meta-line em-item-taxonomy em-event-categories\">\n\t\t\t\t\t<span class=\"em-icon-category em-icon\"><\/span>\n\t\t\t\t\t<div>\t<ul class=\"event-categories\">\r\n\t\t\t\t\t<li><a href=\"https:\/\/italcamara-es.com\/it\/events\/categories\/agroalimentare\/\">Agroalimentare<\/a><\/li>\r\n\t\t\t\t\t<li><a href=\"https:\/\/italcamara-es.com\/it\/events\/categories\/energia-e-ambiente\/\">Energia e ambiente<\/a><\/li>\r\n\t\t\t<\/ul>\r\n\t<\/div>\n\t\t\t\t<\/div>\n\t\t\t\t\n\t\t\t\t\n\t\t\t\t<div class=\"em-item-meta-line em-item-taxonomy em-event-tags\">\n\t\t\t\t\t<span class=\"em-icon-tag em-icon\"><\/span>\n\t\t\t\t\t<div><a href=\"https:\/\/italcamara-es.com\/it\/events\/tags\/altre\/\">Altre<\/a>, <a href=\"https:\/\/italcamara-es.com\/it\/events\/tags\/otros-it\/\">Otros<\/a><\/div>\n\t\t\t\t<\/div>\n\t\t\t\t\n\t\t\t<\/div>\n\t\t\t<div class=\"em-item-desc\">\n\t\t\t\tIl progetto europeo OASIS mira a promuovere la sostenibilit\u00e0, l'innovazione e la formazione nel settore agroalimentare, con particolare attenzione all'olivicoltura. Questa nuova sessione formativa \u00e8 [...]\n\t\t\t<\/div>\n\t\t\t<div class=\"em-item-actions input\">\n\t\t\t\t<a class=\"em-item-read-more button\" href=\"https:\/\/italcamara-es.com\/it\/events\/sesioin-formativa-proyecto-oasis-mercados-voluntarios-de-creditos-de-carbono\/\">Continua a leggere<\/a>\n\t\t\t\t\n\t\t\t<\/div>\n\t\t<\/div>\n\t<\/div>\n<\/div>\t\t<\/div><!-- content -->\n\t\n\t<\/div><!-- modal -->\n<\/div>\t\t\t\t\t<div class=\"em pixelbones em-calendar-preview em-modal em-cal-event-content\" data-event-id=\"53\" data-parent=\"em-cal-events-content-636872952\">\n\t<div class=\"em-modal-popup\">\n\t\t<header>\n\t\t\t<a class=\"em-close-modal\"><\/a><!-- close modal -->\n\t\t\t<div class=\"em-modal-title\">\n\t\t\t\t<a href=\"https:\/\/italcamara-es.com\/events\/mida-firenze-2026\/\">MIDA FIRENZE 2026<\/a>\t\t\t<\/div>\n\t\t<\/header>\n\t\t<div class=\"em-modal-content\">\n\t\t\t<div class=\"em pixelbones em-calendar-preview em-list em-events-list\">\n\t<div class=\"em-event em-item\" style=\"--default-border:#f0b500;\">\n\t\t<div class=\"em-item-image \">\n\t\t\t\n\t\t\t<img src='https:\/\/italcamara-es.com\/wp-content\/uploads\/2025\/10\/Logo-MIDA-1000.png' alt='MIDA FIRENZE 2026'\/>\n\t\t\t\n\t\t\t\n\t\t<\/div>\n\t\t<div class=\"em-item-info\">\n\t\t\t<div class=\"em-event-meta em-item-meta\">\n\t\t\t\t<div class=\"em-item-meta-line em-event-date em-event-meta-datetime\">\n\t\t\t\t\t<span class=\"em-icon-calendar em-icon\"><\/span>\n\t\t\t\t\t25  Aprile  2026 - 3  Maggio  2026&nbsp;&nbsp;&nbsp;&nbsp;\n\t\t\t\t<\/div>\n\t\t\t\t<div class=\"em-item-meta-line em-event-time em-event-meta-datetime\">\n\t\t\t\t\t<span class=\"em-icon-clock em-icon\"><\/span>\n\t\t\t\t\t09:00 - 20:00\n\t\t\t\t<\/div>\n\t\t\t\t\n\t\t\t\t\n\t\t\t\t<div class=\"em-item-meta-line em-event-location\">\n\t\t\t\t\t<span class=\"em-icon-location em-icon\"><\/span>\n\t\t\t\t\t<a href=\"https:\/\/italcamara-es.com\/it\/locations\/fortezza-da-basso-2\/\">Fortezza da Basso<\/a>\n\t\t\t\t<\/div>\n\t\t\t\t\n\t\t\t\t\n\t\t\t\t\n\t\t\t\t<div class=\"em-item-meta-line em-item-taxonomy em-event-categories\">\n\t\t\t\t\t<span class=\"em-icon-category em-icon\"><\/span>\n\t\t\t\t\t<div>\t<ul class=\"event-categories\">\r\n\t\t\t\t\t<li><a href=\"https:\/\/italcamara-es.com\/it\/events\/categories\/artesania-it\/\">Artesan\u00eda<\/a><\/li>\r\n\t\t\t\t\t<li><a href=\"https:\/\/italcamara-es.com\/it\/events\/categories\/ferias-it\/\">Ferias<\/a><\/li>\r\n\t\t\t<\/ul>\r\n\t<\/div>\n\t\t\t\t<\/div>\n\t\t\t\t\n\t\t\t\t\n\t\t\t\t<div class=\"em-item-meta-line em-item-taxonomy em-event-tags\">\n\t\t\t\t\t<span class=\"em-icon-tag em-icon\"><\/span>\n\t\t\t\t\t<div><a href=\"https:\/\/italcamara-es.com\/it\/events\/tags\/feria-it\/\">Feria<\/a><\/div>\n\t\t\t\t<\/div>\n\t\t\t\t\n\t\t\t<\/div>\n\t\t\t<div class=\"em-item-desc\">\n\t\t\t\tMIDA es la primera Feria Internacional de Artesan\u00eda certificada en Italia, organizada por Firenze Fiera en colaboraci\u00f3n con las principales asociaciones comerciales de artesanos. Cuenta [...]\n\t\t\t<\/div>\n\t\t\t<div class=\"em-item-actions input\">\n\t\t\t\t<a class=\"em-item-read-more button\" href=\"https:\/\/italcamara-es.com\/events\/mida-firenze-2026\/\">Continua a leggere<\/a>\n\t\t\t\t\n\t\t\t<\/div>\n\t\t<\/div>\n\t<\/div>\n<\/div>\t\t<\/div><!-- content -->\n\t\n\t<\/div><!-- modal -->\n<\/div>\t\t\t\t\t<div class=\"em pixelbones em-calendar-preview em-modal em-cal-event-content\" data-event-id=\"54\" data-parent=\"em-cal-events-content-636872952\">\n\t<div class=\"em-modal-popup\">\n\t\t<header>\n\t\t\t<a class=\"em-close-modal\"><\/a><!-- close modal -->\n\t\t\t<div class=\"em-modal-title\">\n\t\t\t\t<a href=\"https:\/\/italcamara-es.com\/it\/events\/mida-firenze-2026\/\">MIDA FIRENZE 2026<\/a>\t\t\t<\/div>\n\t\t<\/header>\n\t\t<div class=\"em-modal-content\">\n\t\t\t<div class=\"em pixelbones em-calendar-preview em-list em-events-list\">\n\t<div class=\"em-event em-item\" style=\"--default-border:#f0b500;\">\n\t\t<div class=\"em-item-image \">\n\t\t\t\n\t\t\t<img src='https:\/\/italcamara-es.com\/wp-content\/uploads\/2025\/10\/Logo-MIDA-1000.png' alt='MIDA FIRENZE 2026'\/>\n\t\t\t\n\t\t\t\n\t\t<\/div>\n\t\t<div class=\"em-item-info\">\n\t\t\t<div class=\"em-event-meta em-item-meta\">\n\t\t\t\t<div class=\"em-item-meta-line em-event-date em-event-meta-datetime\">\n\t\t\t\t\t<span class=\"em-icon-calendar em-icon\"><\/span>\n\t\t\t\t\t25  Aprile  2026 - 3  Maggio  2026&nbsp;&nbsp;&nbsp;&nbsp;\n\t\t\t\t<\/div>\n\t\t\t\t<div class=\"em-item-meta-line em-event-time em-event-meta-datetime\">\n\t\t\t\t\t<span class=\"em-icon-clock em-icon\"><\/span>\n\t\t\t\t\t09:00 - 20:00\n\t\t\t\t<\/div>\n\t\t\t\t\n\t\t\t\t\n\t\t\t\t<div class=\"em-item-meta-line em-event-location\">\n\t\t\t\t\t<span class=\"em-icon-location em-icon\"><\/span>\n\t\t\t\t\t<a href=\"https:\/\/italcamara-es.com\/it\/locations\/fortezza-da-basso-2\/\">Fortezza da Basso<\/a>\n\t\t\t\t<\/div>\n\t\t\t\t\n\t\t\t\t\n\t\t\t\t\n\t\t\t\t<div class=\"em-item-meta-line em-item-taxonomy em-event-categories\">\n\t\t\t\t\t<span class=\"em-icon-category em-icon\"><\/span>\n\t\t\t\t\t<div>\t<ul class=\"event-categories\">\r\n\t\t\t\t\t<li><a href=\"https:\/\/italcamara-es.com\/it\/events\/categories\/artesania-it\/\">Artesan\u00eda<\/a><\/li>\r\n\t\t\t\t\t<li><a href=\"https:\/\/italcamara-es.com\/it\/events\/categories\/artigianato\/\">Artigianato<\/a><\/li>\r\n\t\t\t\t\t<li><a href=\"https:\/\/italcamara-es.com\/it\/events\/categories\/ferias-it\/\">Ferias<\/a><\/li>\r\n\t\t\t\t\t<li><a href=\"https:\/\/italcamara-es.com\/it\/events\/categories\/fiere-it\/\">Fiere<\/a><\/li>\r\n\t\t\t<\/ul>\r\n\t<\/div>\n\t\t\t\t<\/div>\n\t\t\t\t\n\t\t\t\t\n\t\t\t\t<div class=\"em-item-meta-line em-item-taxonomy em-event-tags\">\n\t\t\t\t\t<span class=\"em-icon-tag em-icon\"><\/span>\n\t\t\t\t\t<div><a href=\"https:\/\/italcamara-es.com\/it\/events\/tags\/feria-it\/\">Fiera<\/a><\/div>\n\t\t\t\t<\/div>\n\t\t\t\t\n\t\t\t<\/div>\n\t\t\t<div class=\"em-item-desc\">\n\t\t\t\tMIDA \u00e8 la prima fiera internazionale dell\u2019artigianato certificata in Italia, organizzata da Firenze Fiera in collaborazione con le principali associazioni commerciali di artigiani. Vanta un\u2019ampia [...]\n\t\t\t<\/div>\n\t\t\t<div class=\"em-item-actions input\">\n\t\t\t\t<a class=\"em-item-read-more button\" href=\"https:\/\/italcamara-es.com\/it\/events\/mida-firenze-2026\/\">Continua a leggere<\/a>\n\t\t\t\t\n\t\t\t<\/div>\n\t\t<\/div>\n\t<\/div>\n<\/div>\t\t<\/div><!-- content -->\n\t\n\t<\/div><!-- modal -->\n<\/div>\t\t\t\t\t<div class=\"em pixelbones em-calendar-preview em-modal em-cal-event-content\" data-event-id=\"86\" data-parent=\"em-cal-events-content-636872952\">\n\t<div class=\"em-modal-popup\">\n\t\t<header>\n\t\t\t<a class=\"em-close-modal\"><\/a><!-- close modal -->\n\t\t\t<div class=\"em-modal-title\">\n\t\t\t\t<a href=\"https:\/\/italcamara-es.com\/events\/webinar-la-digitalizacion-documental-en-el-transporte\/\">Webinar: &quot;La digitalizaci\u00f3n documental en el transporte&quot;<\/a>\t\t\t<\/div>\n\t\t<\/header>\n\t\t<div class=\"em-modal-content\">\n\t\t\t<div class=\"em pixelbones em-calendar-preview em-list em-events-list\">\n\t<div class=\"em-event em-item\" style=\"--default-border:#f0b500;\">\n\t\t<div class=\"em-item-image \">\n\t\t\t\n\t\t\t<img src='https:\/\/italcamara-es.com\/wp-content\/uploads\/2026\/04\/imagen-webinar-284-web-.png' alt='Webinar: &quot;La digitalizaci\u00f3n documental en el transporte&quot;'\/>\n\t\t\t\n\t\t\t\n\t\t<\/div>\n\t\t<div class=\"em-item-info\">\n\t\t\t<div class=\"em-event-meta em-item-meta\">\n\t\t\t\t<div class=\"em-item-meta-line em-event-date em-event-meta-datetime\">\n\t\t\t\t\t<span class=\"em-icon-calendar em-icon\"><\/span>\n\t\t\t\t\t28  Aprile  2026&nbsp;&nbsp;&nbsp;&nbsp;\n\t\t\t\t<\/div>\n\t\t\t\t<div class=\"em-item-meta-line em-event-time em-event-meta-datetime\">\n\t\t\t\t\t<span class=\"em-icon-clock em-icon\"><\/span>\n\t\t\t\t\t10:00 - 11:00\n\t\t\t\t<\/div>\n\t\t\t\t\n\t\t\t\t\n\t\t\t\t\n\t\t\t\t<div class=\"em-item-meta-line em-event-location\">\n\t\t\t\t\t<span class=\"em-icon-at em-icon\"><\/span>\n\t\t\t\t\t<a href=\"https:\/\/us02web.zoom.us\/webinar\/register\/WN_FE75z6dyTf60widnYmH5FA#\/registration\" target=\"_blank\">Enlace de registro<\/a>\n\t\t\t\t<\/div>\n\t\t\t\t\n\t\t\t\t\n\t\t\t\t\n\t\t\t\t<div class=\"em-item-meta-line em-item-taxonomy em-event-tags\">\n\t\t\t\t\t<span class=\"em-icon-tag em-icon\"><\/span>\n\t\t\t\t\t<div><a href=\"https:\/\/italcamara-es.com\/it\/events\/tags\/otros-it\/\">Otros<\/a><\/div>\n\t\t\t\t<\/div>\n\t\t\t\t\n\t\t\t<\/div>\n\t\t\t<div class=\"em-item-desc\">\n\t\t\t\tEn este webinar, organizado en colaboraci\u00f3n con el socio Tesisquare, abordaremos los principales cambios y oportunidades que trae la digitalizaci\u00f3n de documentos clave en la [...]\n\t\t\t<\/div>\n\t\t\t<div class=\"em-item-actions input\">\n\t\t\t\t<a class=\"em-item-read-more button\" href=\"https:\/\/italcamara-es.com\/events\/webinar-la-digitalizacion-documental-en-el-transporte\/\">Continua a leggere<\/a>\n\t\t\t\t\n\t\t\t<\/div>\n\t\t<\/div>\n\t<\/div>\n<\/div>\t\t<\/div><!-- content -->\n\t\n\t<\/div><!-- modal -->\n<\/div>\t\t\t\t\t\t\t\t\t\t\t\t\t\t\t\t\t\t\t\t\t\t\t\t\t\t\t\t\t\t\t\t\t\t\t\t\t\t\t\t\t\t\t\t\t\t\t\t\t\t\t\t<div class=\"em pixelbones em-calendar-preview em-modal em-cal-date-content\" data-calendar-date=\"1776038400\" data-parent=\"em-cal-events-content-636872952\">\n\t<div class=\"em-modal-popup\">\n\t\t<header>\n\t\t\t<a class=\"em-close-modal\"><\/a><!-- close modal -->\n\t\t\t<div class=\"em-modal-title\">\n\t\t\t\tEventi su 13  Aprile  2026\t\t\t<\/div>\n\t\t<\/header>\n\t\t<div class=\"em-modal-content em pixelbones em-calendar-preview em-list-widget em-events-widget\">\n\t\t\t\t\t\t\t<div class=\"em-item em-event\" style=\"--default-border:#f0b500;\">\n\t<div class=\"em-item-image \" style=\"max-width:150px\">\n\t\t\n\t\t<img decoding=\"async\" width=\"150\" height=\"150\" src=\"https:\/\/italcamara-es.com\/wp-content\/uploads\/2026\/03\/Area-Italia-Gourmet-def-150x150.png\" class=\"attachment-150x150 size-150x150 wp-post-image\" alt=\"Sal\u00f3n de Gourmets - \u00c1rea Italia\" \/>\n\t\t\n\t\t\n\t<\/div>\n\t<div class=\"em-item-info\">\n\t\t<div class=\"em-item-name\"><a href=\"https:\/\/italcamara-es.com\/events\/salon-de-gourmets-area-italia\/\">Sal\u00f3n de Gourmets - \u00c1rea Italia<\/a><\/div>\n\t\t<div class=\"em-item-meta\">\n\t\t\t<div class=\"em-item-meta-line em-event-date em-event-meta-datetime\">\n\t\t\t\t<span class=\"em-icon em-icon-calendar\"><\/span>\n\t\t\t\t<span>13 Apr 26<\/span>\n\t\t\t<\/div>\n\t\t\t<div class=\"em-item-meta-line em-event-location em-event-meta-location\">\n\t\t\t\t<span class=\"em-icon em-icon-location\"><\/span>\n\t\t\t\t<span>Madrid<\/span>\n\t\t\t<\/div>\n\t\t<\/div>\n\t<\/div>\n<\/div>\t\t\t\t\t\t\t<div class=\"em-item em-event\" style=\"--default-border:#f0b500;\">\n\t<div class=\"em-item-image \" style=\"max-width:150px\">\n\t\t\n\t\t<img decoding=\"async\" width=\"150\" height=\"150\" src=\"https:\/\/italcamara-es.com\/wp-content\/uploads\/2026\/03\/Area-Italia-Gourmet-def-150x150.png\" class=\"attachment-150x150 size-150x150 wp-post-image\" alt=\"Sal\u00f3n de Gourmets - Area Italia\" \/>\n\t\t\n\t\t\n\t<\/div>\n\t<div class=\"em-item-info\">\n\t\t<div class=\"em-item-name\"><a href=\"https:\/\/italcamara-es.com\/it\/?post_type=event&#038;p=61315\">Sal\u00f3n de Gourmets - Area Italia<\/a><\/div>\n\t\t<div class=\"em-item-meta\">\n\t\t\t<div class=\"em-item-meta-line em-event-date em-event-meta-datetime\">\n\t\t\t\t<span class=\"em-icon em-icon-calendar\"><\/span>\n\t\t\t\t<span>13 Apr 26<\/span>\n\t\t\t<\/div>\n\t\t\t<div class=\"em-item-meta-line em-event-location em-event-meta-location\">\n\t\t\t\t<span class=\"em-icon em-icon-location\"><\/span>\n\t\t\t\t<span>Madrid<\/span>\n\t\t\t<\/div>\n\t\t<\/div>\n\t<\/div>\n<\/div>\t\t\t\t\t\t\t<div class=\"em-item em-event\" style=\"--default-border:#f0b500;\">\n\t<div class=\"em-item-image \" style=\"max-width:150px\">\n\t\t\n\t\t<img decoding=\"async\" width=\"150\" height=\"150\" src=\"https:\/\/italcamara-es.com\/wp-content\/uploads\/2026\/03\/taller-casa-1000-150x150.png\" class=\"attachment-150x150 size-150x150 wp-post-image\" alt=\"Taller &quot;Redise\u00f1ar la casa: espacios que cuidan&quot;\" \/>\n\t\t\n\t\t\n\t<\/div>\n\t<div class=\"em-item-info\">\n\t\t<div class=\"em-item-name\"><a href=\"https:\/\/italcamara-es.com\/events\/taller-redisenar-la-casa-espacios-que-cuidan\/\">Taller &quot;Redise\u00f1ar la casa: espacios que cuidan&quot;<\/a><\/div>\n\t\t<div class=\"em-item-meta\">\n\t\t\t<div class=\"em-item-meta-line em-event-date em-event-meta-datetime\">\n\t\t\t\t<span class=\"em-icon em-icon-calendar\"><\/span>\n\t\t\t\t<span>13 Apr 26<\/span>\n\t\t\t<\/div>\n\t\t\t<div class=\"em-item-meta-line em-event-location em-event-meta-location\">\n\t\t\t\t<span class=\"em-icon em-icon-location\"><\/span>\n\t\t\t\t<span>Madrid<\/span>\n\t\t\t<\/div>\n\t\t<\/div>\n\t<\/div>\n<\/div>\t\t\t\t\t<\/div><!-- content -->\n\t\t\t\t<footer>\n\t\t\t<div class=\"em-cal-day-limit input\"><a href=\"https:\/\/italcamara-es.com\/it\/events\/2026-04-13\/\" class=\"button\">\n\t\t\t\t\tm\u00e1s...<\/a>\n\t\t\t<\/div>\n\t\t<\/footer>\n\t\t\t<\/div><!-- modal -->\n<\/div>\t\t\t\t\t\t\t\t<div class=\"em pixelbones em-calendar-preview em-modal em-cal-date-content\" data-calendar-date=\"1776124800\" data-parent=\"em-cal-events-content-636872952\">\n\t<div class=\"em-modal-popup\">\n\t\t<header>\n\t\t\t<a class=\"em-close-modal\"><\/a><!-- close modal -->\n\t\t\t<div class=\"em-modal-title\">\n\t\t\t\tEventi su 14  Aprile  2026\t\t\t<\/div>\n\t\t<\/header>\n\t\t<div class=\"em-modal-content em pixelbones em-calendar-preview em-list-widget em-events-widget\">\n\t\t\t\t\t\t\t<div class=\"em-item em-event\" style=\"--default-border:#f0b500;\">\n\t<div class=\"em-item-image \" style=\"max-width:150px\">\n\t\t\n\t\t<img decoding=\"async\" width=\"150\" height=\"150\" src=\"https:\/\/italcamara-es.com\/wp-content\/uploads\/2026\/03\/Area-Italia-Gourmet-def-150x150.png\" class=\"attachment-150x150 size-150x150 wp-post-image\" alt=\"Sal\u00f3n de Gourmets - \u00c1rea Italia\" \/>\n\t\t\n\t\t\n\t<\/div>\n\t<div class=\"em-item-info\">\n\t\t<div class=\"em-item-name\"><a href=\"https:\/\/italcamara-es.com\/events\/salon-de-gourmets-area-italia\/\">Sal\u00f3n de Gourmets - \u00c1rea Italia<\/a><\/div>\n\t\t<div class=\"em-item-meta\">\n\t\t\t<div class=\"em-item-meta-line em-event-date em-event-meta-datetime\">\n\t\t\t\t<span class=\"em-icon em-icon-calendar\"><\/span>\n\t\t\t\t<span>13 Apr 26<\/span>\n\t\t\t<\/div>\n\t\t\t<div class=\"em-item-meta-line em-event-location em-event-meta-location\">\n\t\t\t\t<span class=\"em-icon em-icon-location\"><\/span>\n\t\t\t\t<span>Madrid<\/span>\n\t\t\t<\/div>\n\t\t<\/div>\n\t<\/div>\n<\/div>\t\t\t\t\t\t\t<div class=\"em-item em-event\" style=\"--default-border:#f0b500;\">\n\t<div class=\"em-item-image \" style=\"max-width:150px\">\n\t\t\n\t\t<img decoding=\"async\" width=\"150\" height=\"150\" src=\"https:\/\/italcamara-es.com\/wp-content\/uploads\/2026\/03\/Area-Italia-Gourmet-def-150x150.png\" class=\"attachment-150x150 size-150x150 wp-post-image\" alt=\"Sal\u00f3n de Gourmets - Area Italia\" \/>\n\t\t\n\t\t\n\t<\/div>\n\t<div class=\"em-item-info\">\n\t\t<div class=\"em-item-name\"><a href=\"https:\/\/italcamara-es.com\/it\/?post_type=event&#038;p=61315\">Sal\u00f3n de Gourmets - Area Italia<\/a><\/div>\n\t\t<div class=\"em-item-meta\">\n\t\t\t<div class=\"em-item-meta-line em-event-date em-event-meta-datetime\">\n\t\t\t\t<span class=\"em-icon em-icon-calendar\"><\/span>\n\t\t\t\t<span>13 Apr 26<\/span>\n\t\t\t<\/div>\n\t\t\t<div class=\"em-item-meta-line em-event-location em-event-meta-location\">\n\t\t\t\t<span class=\"em-icon em-icon-location\"><\/span>\n\t\t\t\t<span>Madrid<\/span>\n\t\t\t<\/div>\n\t\t<\/div>\n\t<\/div>\n<\/div>\t\t\t\t\t\t\t<div class=\"em-item em-event\" style=\"--default-border:#f0b500;\">\n\t<div class=\"em-item-image \" style=\"max-width:150px\">\n\t\t\n\t\t<img loading=\"lazy\" decoding=\"async\" width=\"150\" height=\"150\" src=\"https:\/\/italcamara-es.com\/wp-content\/uploads\/2026\/03\/EBD-abril-26-1000-def-150x150.png\" class=\"attachment-150x150 size-150x150 wp-post-image\" alt=\"European Business Drink\" \/>\n\t\t\n\t\t\n\t<\/div>\n\t<div class=\"em-item-info\">\n\t\t<div class=\"em-item-name\"><a href=\"https:\/\/italcamara-es.com\/events\/european-business-drink\/\">European Business Drink<\/a><\/div>\n\t\t<div class=\"em-item-meta\">\n\t\t\t<div class=\"em-item-meta-line em-event-date em-event-meta-datetime\">\n\t\t\t\t<span class=\"em-icon em-icon-calendar\"><\/span>\n\t\t\t\t<span>14 Apr 26<\/span>\n\t\t\t<\/div>\n\t\t\t<div class=\"em-item-meta-line em-event-location em-event-meta-location\">\n\t\t\t\t<span class=\"em-icon em-icon-location\"><\/span>\n\t\t\t\t<span>Madrid<\/span>\n\t\t\t<\/div>\n\t\t<\/div>\n\t<\/div>\n<\/div>\t\t\t\t\t<\/div><!-- content -->\n\t\t\t\t<footer>\n\t\t\t<div class=\"em-cal-day-limit input\"><a href=\"https:\/\/italcamara-es.com\/it\/events\/2026-04-14\/\" class=\"button\">\n\t\t\t\t\tm\u00e1s...<\/a>\n\t\t\t<\/div>\n\t\t<\/footer>\n\t\t\t<\/div><!-- modal -->\n<\/div>\t\t\t\t\t\t\t\t<div class=\"em pixelbones em-calendar-preview em-modal em-cal-date-content\" data-calendar-date=\"1776211200\" data-parent=\"em-cal-events-content-636872952\">\n\t<div class=\"em-modal-popup\">\n\t\t<header>\n\t\t\t<a class=\"em-close-modal\"><\/a><!-- close modal -->\n\t\t\t<div class=\"em-modal-title\">\n\t\t\t\tEventi su 15  Aprile  2026\t\t\t<\/div>\n\t\t<\/header>\n\t\t<div class=\"em-modal-content em pixelbones em-calendar-preview em-list-widget em-events-widget\">\n\t\t\t\t\t\t\t<div class=\"em-item em-event\" style=\"--default-border:#f0b500;\">\n\t<div class=\"em-item-image \" style=\"max-width:150px\">\n\t\t\n\t\t<img decoding=\"async\" width=\"150\" height=\"150\" src=\"https:\/\/italcamara-es.com\/wp-content\/uploads\/2026\/03\/Area-Italia-Gourmet-def-150x150.png\" class=\"attachment-150x150 size-150x150 wp-post-image\" alt=\"Sal\u00f3n de Gourmets - \u00c1rea Italia\" \/>\n\t\t\n\t\t\n\t<\/div>\n\t<div class=\"em-item-info\">\n\t\t<div class=\"em-item-name\"><a href=\"https:\/\/italcamara-es.com\/events\/salon-de-gourmets-area-italia\/\">Sal\u00f3n de Gourmets - \u00c1rea Italia<\/a><\/div>\n\t\t<div class=\"em-item-meta\">\n\t\t\t<div class=\"em-item-meta-line em-event-date em-event-meta-datetime\">\n\t\t\t\t<span class=\"em-icon em-icon-calendar\"><\/span>\n\t\t\t\t<span>13 Apr 26<\/span>\n\t\t\t<\/div>\n\t\t\t<div class=\"em-item-meta-line em-event-location em-event-meta-location\">\n\t\t\t\t<span class=\"em-icon em-icon-location\"><\/span>\n\t\t\t\t<span>Madrid<\/span>\n\t\t\t<\/div>\n\t\t<\/div>\n\t<\/div>\n<\/div>\t\t\t\t\t\t\t<div class=\"em-item em-event\" style=\"--default-border:#f0b500;\">\n\t<div class=\"em-item-image \" style=\"max-width:150px\">\n\t\t\n\t\t<img decoding=\"async\" width=\"150\" height=\"150\" src=\"https:\/\/italcamara-es.com\/wp-content\/uploads\/2026\/03\/Area-Italia-Gourmet-def-150x150.png\" class=\"attachment-150x150 size-150x150 wp-post-image\" alt=\"Sal\u00f3n de Gourmets - Area Italia\" \/>\n\t\t\n\t\t\n\t<\/div>\n\t<div class=\"em-item-info\">\n\t\t<div class=\"em-item-name\"><a href=\"https:\/\/italcamara-es.com\/it\/?post_type=event&#038;p=61315\">Sal\u00f3n de Gourmets - Area Italia<\/a><\/div>\n\t\t<div class=\"em-item-meta\">\n\t\t\t<div class=\"em-item-meta-line em-event-date em-event-meta-datetime\">\n\t\t\t\t<span class=\"em-icon em-icon-calendar\"><\/span>\n\t\t\t\t<span>13 Apr 26<\/span>\n\t\t\t<\/div>\n\t\t\t<div class=\"em-item-meta-line em-event-location em-event-meta-location\">\n\t\t\t\t<span class=\"em-icon em-icon-location\"><\/span>\n\t\t\t\t<span>Madrid<\/span>\n\t\t\t<\/div>\n\t\t<\/div>\n\t<\/div>\n<\/div>\t\t\t\t\t<\/div><!-- content -->\n\t\t\t<\/div><!-- modal -->\n<\/div>\t\t\t\t\t\t\t\t<div class=\"em pixelbones em-calendar-preview em-modal em-cal-date-content\" data-calendar-date=\"1776297600\" data-parent=\"em-cal-events-content-636872952\">\n\t<div class=\"em-modal-popup\">\n\t\t<header>\n\t\t\t<a class=\"em-close-modal\"><\/a><!-- close modal -->\n\t\t\t<div class=\"em-modal-title\">\n\t\t\t\tEventi su 16  Aprile  2026\t\t\t<\/div>\n\t\t<\/header>\n\t\t<div class=\"em-modal-content em pixelbones em-calendar-preview em-list-widget em-events-widget\">\n\t\t\t\t\t\t\t<div class=\"em-item em-event\" style=\"--default-border:#f0b500;\">\n\t<div class=\"em-item-image \" style=\"max-width:150px\">\n\t\t\n\t\t<img decoding=\"async\" width=\"150\" height=\"150\" src=\"https:\/\/italcamara-es.com\/wp-content\/uploads\/2026\/03\/Area-Italia-Gourmet-def-150x150.png\" class=\"attachment-150x150 size-150x150 wp-post-image\" alt=\"Sal\u00f3n de Gourmets - \u00c1rea Italia\" \/>\n\t\t\n\t\t\n\t<\/div>\n\t<div class=\"em-item-info\">\n\t\t<div class=\"em-item-name\"><a href=\"https:\/\/italcamara-es.com\/events\/salon-de-gourmets-area-italia\/\">Sal\u00f3n de Gourmets - \u00c1rea Italia<\/a><\/div>\n\t\t<div class=\"em-item-meta\">\n\t\t\t<div class=\"em-item-meta-line em-event-date em-event-meta-datetime\">\n\t\t\t\t<span class=\"em-icon em-icon-calendar\"><\/span>\n\t\t\t\t<span>13 Apr 26<\/span>\n\t\t\t<\/div>\n\t\t\t<div class=\"em-item-meta-line em-event-location em-event-meta-location\">\n\t\t\t\t<span class=\"em-icon em-icon-location\"><\/span>\n\t\t\t\t<span>Madrid<\/span>\n\t\t\t<\/div>\n\t\t<\/div>\n\t<\/div>\n<\/div>\t\t\t\t\t\t\t<div class=\"em-item em-event\" style=\"--default-border:#f0b500;\">\n\t<div class=\"em-item-image \" style=\"max-width:150px\">\n\t\t\n\t\t<img decoding=\"async\" width=\"150\" height=\"150\" src=\"https:\/\/italcamara-es.com\/wp-content\/uploads\/2026\/03\/Area-Italia-Gourmet-def-150x150.png\" class=\"attachment-150x150 size-150x150 wp-post-image\" alt=\"Sal\u00f3n de Gourmets - Area Italia\" \/>\n\t\t\n\t\t\n\t<\/div>\n\t<div class=\"em-item-info\">\n\t\t<div class=\"em-item-name\"><a href=\"https:\/\/italcamara-es.com\/it\/?post_type=event&#038;p=61315\">Sal\u00f3n de Gourmets - Area Italia<\/a><\/div>\n\t\t<div class=\"em-item-meta\">\n\t\t\t<div class=\"em-item-meta-line em-event-date em-event-meta-datetime\">\n\t\t\t\t<span class=\"em-icon em-icon-calendar\"><\/span>\n\t\t\t\t<span>13 Apr 26<\/span>\n\t\t\t<\/div>\n\t\t\t<div class=\"em-item-meta-line em-event-location em-event-meta-location\">\n\t\t\t\t<span class=\"em-icon em-icon-location\"><\/span>\n\t\t\t\t<span>Madrid<\/span>\n\t\t\t<\/div>\n\t\t<\/div>\n\t<\/div>\n<\/div>\t\t\t\t\t<\/div><!-- content -->\n\t\t\t<\/div><!-- modal -->\n<\/div>\t\t\t\t\t\t\t\t\t\t\t\t\t\t\t\t\t\t\t\t\t\t\t\t\t\t<div class=\"em pixelbones em-calendar-preview em-modal em-cal-date-content\" data-calendar-date=\"1776902400\" data-parent=\"em-cal-events-content-636872952\">\n\t<div class=\"em-modal-popup\">\n\t\t<header>\n\t\t\t<a class=\"em-close-modal\"><\/a><!-- close modal -->\n\t\t\t<div class=\"em-modal-title\">\n\t\t\t\tEventi su 23  Aprile  2026\t\t\t<\/div>\n\t\t<\/header>\n\t\t<div class=\"em-modal-content em pixelbones em-calendar-preview em-list-widget em-events-widget\">\n\t\t\t\t\t\t\t<div class=\"em-item em-event\" style=\"--default-border:#f0b500;\">\n\t<div class=\"em-item-image \" style=\"max-width:150px\">\n\t\t\n\t\t<img loading=\"lazy\" decoding=\"async\" width=\"150\" height=\"150\" src=\"https:\/\/italcamara-es.com\/wp-content\/uploads\/2026\/04\/imagen-evento-oasis-150x150.png\" class=\"attachment-150x150 size-150x150 wp-post-image\" alt=\"Sesi\u00f3n formativa proyecto OASIS: Mercados voluntarios de cr\u00e9ditos de carbono\" \/>\n\t\t\n\t\t\n\t<\/div>\n\t<div class=\"em-item-info\">\n\t\t<div class=\"em-item-name\"><a href=\"https:\/\/italcamara-es.com\/events\/sesioin-formativa-proyecto-oasis-mercados-voluntarios-de-creditos-de-carbono\/\">Sesi\u00f3n formativa proyecto OASIS: Mercados voluntarios de cr\u00e9ditos de carbono<\/a><\/div>\n\t\t<div class=\"em-item-meta\">\n\t\t\t<div class=\"em-item-meta-line em-event-date em-event-meta-datetime\">\n\t\t\t\t<span class=\"em-icon em-icon-calendar\"><\/span>\n\t\t\t\t<span>23 Apr 26<\/span>\n\t\t\t<\/div>\n\t\t\t<div class=\"em-item-meta-line em-event-location em-event-meta-location\">\n\t\t\t\t<span class=\"em-icon em-icon-location\"><\/span>\n\t\t\t\t<span><\/span>\n\t\t\t<\/div>\n\t\t<\/div>\n\t<\/div>\n<\/div>\t\t\t\t\t\t\t<div class=\"em-item em-event\" style=\"--default-border:#f0b500;\">\n\t<div class=\"em-item-image \" style=\"max-width:150px\">\n\t\t\n\t\t<img loading=\"lazy\" decoding=\"async\" width=\"150\" height=\"150\" src=\"https:\/\/italcamara-es.com\/wp-content\/uploads\/2026\/04\/imagen-evento-oasis-150x150.png\" class=\"attachment-150x150 size-150x150 wp-post-image\" alt=\"Sessione formativa sul progetto OASIS: Mercati volontari dei crediti di carbonio\" \/>\n\t\t\n\t\t\n\t<\/div>\n\t<div class=\"em-item-info\">\n\t\t<div class=\"em-item-name\"><a href=\"https:\/\/italcamara-es.com\/it\/events\/sesioin-formativa-proyecto-oasis-mercados-voluntarios-de-creditos-de-carbono\/\">Sessione formativa sul progetto OASIS: Mercati volontari dei crediti di carbonio<\/a><\/div>\n\t\t<div class=\"em-item-meta\">\n\t\t\t<div class=\"em-item-meta-line em-event-date em-event-meta-datetime\">\n\t\t\t\t<span class=\"em-icon em-icon-calendar\"><\/span>\n\t\t\t\t<span>23 Apr 26<\/span>\n\t\t\t<\/div>\n\t\t\t<div class=\"em-item-meta-line em-event-location em-event-meta-location\">\n\t\t\t\t<span class=\"em-icon em-icon-location\"><\/span>\n\t\t\t\t<span><\/span>\n\t\t\t<\/div>\n\t\t<\/div>\n\t<\/div>\n<\/div>\t\t\t\t\t\t\t<div class=\"em-item em-event\" style=\"--default-border:#f0b500;\">\n\t<div class=\"em-item-image \" style=\"max-width:150px\">\n\t\t\n\t\t<img loading=\"lazy\" decoding=\"async\" width=\"150\" height=\"150\" src=\"https:\/\/italcamara-es.com\/wp-content\/uploads\/2026\/04\/imagen-evento-oasis-150x150.png\" class=\"attachment-150x150 size-150x150 wp-post-image\" alt=\"Sessione formativa sul progetto OASIS: Mercati volontari dei crediti di carbonio\" \/>\n\t\t\n\t\t\n\t<\/div>\n\t<div class=\"em-item-info\">\n\t\t<div class=\"em-item-name\"><a href=\"https:\/\/italcamara-es.com\/it\/events\/sesioin-formativa-proyecto-oasis-mercados-voluntarios-de-creditos-de-carbono\/\">Sessione formativa sul progetto OASIS: Mercati volontari dei crediti di carbonio<\/a><\/div>\n\t\t<div class=\"em-item-meta\">\n\t\t\t<div class=\"em-item-meta-line em-event-date em-event-meta-datetime\">\n\t\t\t\t<span class=\"em-icon em-icon-calendar\"><\/span>\n\t\t\t\t<span>23 Apr 26<\/span>\n\t\t\t<\/div>\n\t\t\t<div class=\"em-item-meta-line em-event-location em-event-meta-location\">\n\t\t\t\t<span class=\"em-icon em-icon-location\"><\/span>\n\t\t\t\t<span><\/span>\n\t\t\t<\/div>\n\t\t<\/div>\n\t<\/div>\n<\/div>\t\t\t\t\t<\/div><!-- content -->\n\t\t\t<\/div><!-- modal -->\n<\/div>\t\t\t\t\t\t\t\t\t\t\t<div class=\"em pixelbones em-calendar-preview em-modal em-cal-date-content\" data-calendar-date=\"1777075200\" data-parent=\"em-cal-events-content-636872952\">\n\t<div class=\"em-modal-popup\">\n\t\t<header>\n\t\t\t<a class=\"em-close-modal\"><\/a><!-- close modal -->\n\t\t\t<div class=\"em-modal-title\">\n\t\t\t\tEventi su 25  Aprile  2026\t\t\t<\/div>\n\t\t<\/header>\n\t\t<div class=\"em-modal-content em pixelbones em-calendar-preview em-list-widget em-events-widget\">\n\t\t\t\t\t\t\t<div class=\"em-item em-event\" style=\"--default-border:#f0b500;\">\n\t<div class=\"em-item-image \" style=\"max-width:150px\">\n\t\t\n\t\t<img loading=\"lazy\" decoding=\"async\" width=\"150\" height=\"150\" src=\"https:\/\/italcamara-es.com\/wp-content\/uploads\/2025\/10\/Logo-MIDA-1000-150x150.png\" class=\"attachment-150x150 size-150x150 wp-post-image\" alt=\"MIDA FIRENZE 2026\" \/>\n\t\t\n\t\t\n\t<\/div>\n\t<div class=\"em-item-info\">\n\t\t<div class=\"em-item-name\"><a href=\"https:\/\/italcamara-es.com\/events\/mida-firenze-2026\/\">MIDA FIRENZE 2026<\/a><\/div>\n\t\t<div class=\"em-item-meta\">\n\t\t\t<div class=\"em-item-meta-line em-event-date em-event-meta-datetime\">\n\t\t\t\t<span class=\"em-icon em-icon-calendar\"><\/span>\n\t\t\t\t<span>25 Apr 26<\/span>\n\t\t\t<\/div>\n\t\t\t<div class=\"em-item-meta-line em-event-location em-event-meta-location\">\n\t\t\t\t<span class=\"em-icon em-icon-location\"><\/span>\n\t\t\t\t<span>Florencia<\/span>\n\t\t\t<\/div>\n\t\t<\/div>\n\t<\/div>\n<\/div>\t\t\t\t\t\t\t<div class=\"em-item em-event\" style=\"--default-border:#f0b500;\">\n\t<div class=\"em-item-image \" style=\"max-width:150px\">\n\t\t\n\t\t<img loading=\"lazy\" decoding=\"async\" width=\"150\" height=\"150\" src=\"https:\/\/italcamara-es.com\/wp-content\/uploads\/2025\/10\/Logo-MIDA-1000-150x150.png\" class=\"attachment-150x150 size-150x150 wp-post-image\" alt=\"MIDA FIRENZE 2026\" \/>\n\t\t\n\t\t\n\t<\/div>\n\t<div class=\"em-item-info\">\n\t\t<div class=\"em-item-name\"><a href=\"https:\/\/italcamara-es.com\/it\/events\/mida-firenze-2026\/\">MIDA FIRENZE 2026<\/a><\/div>\n\t\t<div class=\"em-item-meta\">\n\t\t\t<div class=\"em-item-meta-line em-event-date em-event-meta-datetime\">\n\t\t\t\t<span class=\"em-icon em-icon-calendar\"><\/span>\n\t\t\t\t<span>25 Apr 26<\/span>\n\t\t\t<\/div>\n\t\t\t<div class=\"em-item-meta-line em-event-location em-event-meta-location\">\n\t\t\t\t<span class=\"em-icon em-icon-location\"><\/span>\n\t\t\t\t<span>Florencia<\/span>\n\t\t\t<\/div>\n\t\t<\/div>\n\t<\/div>\n<\/div>\t\t\t\t\t<\/div><!-- content -->\n\t\t\t<\/div><!-- modal -->\n<\/div>\t\t\t\t\t\t\t\t<div class=\"em pixelbones em-calendar-preview em-modal em-cal-date-content\" data-calendar-date=\"1777161600\" data-parent=\"em-cal-events-content-636872952\">\n\t<div class=\"em-modal-popup\">\n\t\t<header>\n\t\t\t<a class=\"em-close-modal\"><\/a><!-- close modal -->\n\t\t\t<div class=\"em-modal-title\">\n\t\t\t\tEventi su 26  Aprile  2026\t\t\t<\/div>\n\t\t<\/header>\n\t\t<div class=\"em-modal-content em pixelbones em-calendar-preview em-list-widget em-events-widget\">\n\t\t\t\t\t\t\t<div class=\"em-item em-event\" style=\"--default-border:#f0b500;\">\n\t<div class=\"em-item-image \" style=\"max-width:150px\">\n\t\t\n\t\t<img loading=\"lazy\" decoding=\"async\" width=\"150\" height=\"150\" src=\"https:\/\/italcamara-es.com\/wp-content\/uploads\/2025\/10\/Logo-MIDA-1000-150x150.png\" class=\"attachment-150x150 size-150x150 wp-post-image\" alt=\"MIDA FIRENZE 2026\" \/>\n\t\t\n\t\t\n\t<\/div>\n\t<div class=\"em-item-info\">\n\t\t<div class=\"em-item-name\"><a href=\"https:\/\/italcamara-es.com\/events\/mida-firenze-2026\/\">MIDA FIRENZE 2026<\/a><\/div>\n\t\t<div class=\"em-item-meta\">\n\t\t\t<div class=\"em-item-meta-line em-event-date em-event-meta-datetime\">\n\t\t\t\t<span class=\"em-icon em-icon-calendar\"><\/span>\n\t\t\t\t<span>25 Apr 26<\/span>\n\t\t\t<\/div>\n\t\t\t<div class=\"em-item-meta-line em-event-location em-event-meta-location\">\n\t\t\t\t<span class=\"em-icon em-icon-location\"><\/span>\n\t\t\t\t<span>Florencia<\/span>\n\t\t\t<\/div>\n\t\t<\/div>\n\t<\/div>\n<\/div>\t\t\t\t\t\t\t<div class=\"em-item em-event\" style=\"--default-border:#f0b500;\">\n\t<div class=\"em-item-image \" style=\"max-width:150px\">\n\t\t\n\t\t<img loading=\"lazy\" decoding=\"async\" width=\"150\" height=\"150\" src=\"https:\/\/italcamara-es.com\/wp-content\/uploads\/2025\/10\/Logo-MIDA-1000-150x150.png\" class=\"attachment-150x150 size-150x150 wp-post-image\" alt=\"MIDA FIRENZE 2026\" \/>\n\t\t\n\t\t\n\t<\/div>\n\t<div class=\"em-item-info\">\n\t\t<div class=\"em-item-name\"><a href=\"https:\/\/italcamara-es.com\/it\/events\/mida-firenze-2026\/\">MIDA FIRENZE 2026<\/a><\/div>\n\t\t<div class=\"em-item-meta\">\n\t\t\t<div class=\"em-item-meta-line em-event-date em-event-meta-datetime\">\n\t\t\t\t<span class=\"em-icon em-icon-calendar\"><\/span>\n\t\t\t\t<span>25 Apr 26<\/span>\n\t\t\t<\/div>\n\t\t\t<div class=\"em-item-meta-line em-event-location em-event-meta-location\">\n\t\t\t\t<span class=\"em-icon em-icon-location\"><\/span>\n\t\t\t\t<span>Florencia<\/span>\n\t\t\t<\/div>\n\t\t<\/div>\n\t<\/div>\n<\/div>\t\t\t\t\t<\/div><!-- content -->\n\t\t\t<\/div><!-- modal -->\n<\/div>\t\t\t\t\t\t\t\t<div class=\"em pixelbones em-calendar-preview em-modal em-cal-date-content\" data-calendar-date=\"1777248000\" data-parent=\"em-cal-events-content-636872952\">\n\t<div class=\"em-modal-popup\">\n\t\t<header>\n\t\t\t<a class=\"em-close-modal\"><\/a><!-- close modal -->\n\t\t\t<div class=\"em-modal-title\">\n\t\t\t\tEventi su 27  Aprile  2026\t\t\t<\/div>\n\t\t<\/header>\n\t\t<div class=\"em-modal-content em pixelbones em-calendar-preview em-list-widget em-events-widget\">\n\t\t\t\t\t\t\t<div class=\"em-item em-event\" style=\"--default-border:#f0b500;\">\n\t<div class=\"em-item-image \" style=\"max-width:150px\">\n\t\t\n\t\t<img loading=\"lazy\" decoding=\"async\" width=\"150\" height=\"150\" src=\"https:\/\/italcamara-es.com\/wp-content\/uploads\/2025\/10\/Logo-MIDA-1000-150x150.png\" class=\"attachment-150x150 size-150x150 wp-post-image\" alt=\"MIDA FIRENZE 2026\" \/>\n\t\t\n\t\t\n\t<\/div>\n\t<div class=\"em-item-info\">\n\t\t<div class=\"em-item-name\"><a href=\"https:\/\/italcamara-es.com\/events\/mida-firenze-2026\/\">MIDA FIRENZE 2026<\/a><\/div>\n\t\t<div class=\"em-item-meta\">\n\t\t\t<div class=\"em-item-meta-line em-event-date em-event-meta-datetime\">\n\t\t\t\t<span class=\"em-icon em-icon-calendar\"><\/span>\n\t\t\t\t<span>25 Apr 26<\/span>\n\t\t\t<\/div>\n\t\t\t<div class=\"em-item-meta-line em-event-location em-event-meta-location\">\n\t\t\t\t<span class=\"em-icon em-icon-location\"><\/span>\n\t\t\t\t<span>Florencia<\/span>\n\t\t\t<\/div>\n\t\t<\/div>\n\t<\/div>\n<\/div>\t\t\t\t\t\t\t<div class=\"em-item em-event\" style=\"--default-border:#f0b500;\">\n\t<div class=\"em-item-image \" style=\"max-width:150px\">\n\t\t\n\t\t<img loading=\"lazy\" decoding=\"async\" width=\"150\" height=\"150\" src=\"https:\/\/italcamara-es.com\/wp-content\/uploads\/2025\/10\/Logo-MIDA-1000-150x150.png\" class=\"attachment-150x150 size-150x150 wp-post-image\" alt=\"MIDA FIRENZE 2026\" \/>\n\t\t\n\t\t\n\t<\/div>\n\t<div class=\"em-item-info\">\n\t\t<div class=\"em-item-name\"><a href=\"https:\/\/italcamara-es.com\/it\/events\/mida-firenze-2026\/\">MIDA FIRENZE 2026<\/a><\/div>\n\t\t<div class=\"em-item-meta\">\n\t\t\t<div class=\"em-item-meta-line em-event-date em-event-meta-datetime\">\n\t\t\t\t<span class=\"em-icon em-icon-calendar\"><\/span>\n\t\t\t\t<span>25 Apr 26<\/span>\n\t\t\t<\/div>\n\t\t\t<div class=\"em-item-meta-line em-event-location em-event-meta-location\">\n\t\t\t\t<span class=\"em-icon em-icon-location\"><\/span>\n\t\t\t\t<span>Florencia<\/span>\n\t\t\t<\/div>\n\t\t<\/div>\n\t<\/div>\n<\/div>\t\t\t\t\t<\/div><!-- content -->\n\t\t\t<\/div><!-- modal -->\n<\/div>\t\t\t\t\t\t\t\t<div class=\"em pixelbones em-calendar-preview em-modal em-cal-date-content\" data-calendar-date=\"1777334400\" data-parent=\"em-cal-events-content-636872952\">\n\t<div class=\"em-modal-popup\">\n\t\t<header>\n\t\t\t<a class=\"em-close-modal\"><\/a><!-- close modal -->\n\t\t\t<div class=\"em-modal-title\">\n\t\t\t\tEventi su 28  Aprile  2026\t\t\t<\/div>\n\t\t<\/header>\n\t\t<div class=\"em-modal-content em pixelbones em-calendar-preview em-list-widget em-events-widget\">\n\t\t\t\t\t\t\t<div class=\"em-item em-event\" style=\"--default-border:#f0b500;\">\n\t<div class=\"em-item-image \" style=\"max-width:150px\">\n\t\t\n\t\t<img loading=\"lazy\" decoding=\"async\" width=\"150\" height=\"150\" src=\"https:\/\/italcamara-es.com\/wp-content\/uploads\/2025\/10\/Logo-MIDA-1000-150x150.png\" class=\"attachment-150x150 size-150x150 wp-post-image\" alt=\"MIDA FIRENZE 2026\" \/>\n\t\t\n\t\t\n\t<\/div>\n\t<div class=\"em-item-info\">\n\t\t<div class=\"em-item-name\"><a href=\"https:\/\/italcamara-es.com\/events\/mida-firenze-2026\/\">MIDA FIRENZE 2026<\/a><\/div>\n\t\t<div class=\"em-item-meta\">\n\t\t\t<div class=\"em-item-meta-line em-event-date em-event-meta-datetime\">\n\t\t\t\t<span class=\"em-icon em-icon-calendar\"><\/span>\n\t\t\t\t<span>25 Apr 26<\/span>\n\t\t\t<\/div>\n\t\t\t<div class=\"em-item-meta-line em-event-location em-event-meta-location\">\n\t\t\t\t<span class=\"em-icon em-icon-location\"><\/span>\n\t\t\t\t<span>Florencia<\/span>\n\t\t\t<\/div>\n\t\t<\/div>\n\t<\/div>\n<\/div>\t\t\t\t\t\t\t<div class=\"em-item em-event\" style=\"--default-border:#f0b500;\">\n\t<div class=\"em-item-image \" style=\"max-width:150px\">\n\t\t\n\t\t<img loading=\"lazy\" decoding=\"async\" width=\"150\" height=\"150\" src=\"https:\/\/italcamara-es.com\/wp-content\/uploads\/2025\/10\/Logo-MIDA-1000-150x150.png\" class=\"attachment-150x150 size-150x150 wp-post-image\" alt=\"MIDA FIRENZE 2026\" \/>\n\t\t\n\t\t\n\t<\/div>\n\t<div class=\"em-item-info\">\n\t\t<div class=\"em-item-name\"><a href=\"https:\/\/italcamara-es.com\/it\/events\/mida-firenze-2026\/\">MIDA FIRENZE 2026<\/a><\/div>\n\t\t<div class=\"em-item-meta\">\n\t\t\t<div class=\"em-item-meta-line em-event-date em-event-meta-datetime\">\n\t\t\t\t<span class=\"em-icon em-icon-calendar\"><\/span>\n\t\t\t\t<span>25 Apr 26<\/span>\n\t\t\t<\/div>\n\t\t\t<div class=\"em-item-meta-line em-event-location em-event-meta-location\">\n\t\t\t\t<span class=\"em-icon em-icon-location\"><\/span>\n\t\t\t\t<span>Florencia<\/span>\n\t\t\t<\/div>\n\t\t<\/div>\n\t<\/div>\n<\/div>\t\t\t\t\t\t\t<div class=\"em-item em-event\" style=\"--default-border:#f0b500;\">\n\t<div class=\"em-item-image \" style=\"max-width:150px\">\n\t\t\n\t\t<img loading=\"lazy\" decoding=\"async\" width=\"150\" height=\"150\" src=\"https:\/\/italcamara-es.com\/wp-content\/uploads\/2026\/04\/imagen-webinar-284-web--150x150.png\" class=\"attachment-150x150 size-150x150 wp-post-image\" alt=\"Webinar: &quot;La digitalizaci\u00f3n documental en el transporte&quot;\" \/>\n\t\t\n\t\t\n\t<\/div>\n\t<div class=\"em-item-info\">\n\t\t<div class=\"em-item-name\"><a href=\"https:\/\/italcamara-es.com\/events\/webinar-la-digitalizacion-documental-en-el-transporte\/\">Webinar: &quot;La digitalizaci\u00f3n documental en el transporte&quot;<\/a><\/div>\n\t\t<div class=\"em-item-meta\">\n\t\t\t<div class=\"em-item-meta-line em-event-date em-event-meta-datetime\">\n\t\t\t\t<span class=\"em-icon em-icon-calendar\"><\/span>\n\t\t\t\t<span>28 Apr 26<\/span>\n\t\t\t<\/div>\n\t\t\t<div class=\"em-item-meta-line em-event-location em-event-meta-location\">\n\t\t\t\t<span class=\"em-icon em-icon-location\"><\/span>\n\t\t\t\t<span><\/span>\n\t\t\t<\/div>\n\t\t<\/div>\n\t<\/div>\n<\/div>\t\t\t\t\t<\/div><!-- content -->\n\t\t\t\t<footer>\n\t\t\t<div class=\"em-cal-day-limit input\"><a href=\"https:\/\/italcamara-es.com\/it\/events\/2026-04-28\/\" class=\"button\">\n\t\t\t\t\tm\u00e1s...<\/a>\n\t\t\t<\/div>\n\t\t<\/footer>\n\t\t\t<\/div><!-- modal -->\n<\/div>\t\t\t\t\t\t\t\t<div class=\"em pixelbones em-calendar-preview em-modal em-cal-date-content\" data-calendar-date=\"1777420800\" data-parent=\"em-cal-events-content-636872952\">\n\t<div class=\"em-modal-popup\">\n\t\t<header>\n\t\t\t<a class=\"em-close-modal\"><\/a><!-- close modal -->\n\t\t\t<div class=\"em-modal-title\">\n\t\t\t\tEventi su 29  Aprile  2026\t\t\t<\/div>\n\t\t<\/header>\n\t\t<div class=\"em-modal-content em pixelbones em-calendar-preview em-list-widget em-events-widget\">\n\t\t\t\t\t\t\t<div class=\"em-item em-event\" style=\"--default-border:#f0b500;\">\n\t<div class=\"em-item-image \" style=\"max-width:150px\">\n\t\t\n\t\t<img loading=\"lazy\" decoding=\"async\" width=\"150\" height=\"150\" src=\"https:\/\/italcamara-es.com\/wp-content\/uploads\/2025\/10\/Logo-MIDA-1000-150x150.png\" class=\"attachment-150x150 size-150x150 wp-post-image\" alt=\"MIDA FIRENZE 2026\" \/>\n\t\t\n\t\t\n\t<\/div>\n\t<div class=\"em-item-info\">\n\t\t<div class=\"em-item-name\"><a href=\"https:\/\/italcamara-es.com\/events\/mida-firenze-2026\/\">MIDA FIRENZE 2026<\/a><\/div>\n\t\t<div class=\"em-item-meta\">\n\t\t\t<div class=\"em-item-meta-line em-event-date em-event-meta-datetime\">\n\t\t\t\t<span class=\"em-icon em-icon-calendar\"><\/span>\n\t\t\t\t<span>25 Apr 26<\/span>\n\t\t\t<\/div>\n\t\t\t<div class=\"em-item-meta-line em-event-location em-event-meta-location\">\n\t\t\t\t<span class=\"em-icon em-icon-location\"><\/span>\n\t\t\t\t<span>Florencia<\/span>\n\t\t\t<\/div>\n\t\t<\/div>\n\t<\/div>\n<\/div>\t\t\t\t\t\t\t<div class=\"em-item em-event\" style=\"--default-border:#f0b500;\">\n\t<div class=\"em-item-image \" style=\"max-width:150px\">\n\t\t\n\t\t<img loading=\"lazy\" decoding=\"async\" width=\"150\" height=\"150\" src=\"https:\/\/italcamara-es.com\/wp-content\/uploads\/2025\/10\/Logo-MIDA-1000-150x150.png\" class=\"attachment-150x150 size-150x150 wp-post-image\" alt=\"MIDA FIRENZE 2026\" \/>\n\t\t\n\t\t\n\t<\/div>\n\t<div class=\"em-item-info\">\n\t\t<div class=\"em-item-name\"><a href=\"https:\/\/italcamara-es.com\/it\/events\/mida-firenze-2026\/\">MIDA FIRENZE 2026<\/a><\/div>\n\t\t<div class=\"em-item-meta\">\n\t\t\t<div class=\"em-item-meta-line em-event-date em-event-meta-datetime\">\n\t\t\t\t<span class=\"em-icon em-icon-calendar\"><\/span>\n\t\t\t\t<span>25 Apr 26<\/span>\n\t\t\t<\/div>\n\t\t\t<div class=\"em-item-meta-line em-event-location em-event-meta-location\">\n\t\t\t\t<span class=\"em-icon em-icon-location\"><\/span>\n\t\t\t\t<span>Florencia<\/span>\n\t\t\t<\/div>\n\t\t<\/div>\n\t<\/div>\n<\/div>\t\t\t\t\t<\/div><!-- content -->\n\t\t\t<\/div><!-- modal -->\n<\/div>\t\t\t\t\t\t\t\t<div class=\"em pixelbones em-calendar-preview em-modal em-cal-date-content\" data-calendar-date=\"1777507200\" data-parent=\"em-cal-events-content-636872952\">\n\t<div class=\"em-modal-popup\">\n\t\t<header>\n\t\t\t<a class=\"em-close-modal\"><\/a><!-- close modal -->\n\t\t\t<div class=\"em-modal-title\">\n\t\t\t\tEventi su 30  Aprile  2026\t\t\t<\/div>\n\t\t<\/header>\n\t\t<div class=\"em-modal-content em pixelbones em-calendar-preview em-list-widget em-events-widget\">\n\t\t\t\t\t\t\t<div class=\"em-item em-event\" style=\"--default-border:#f0b500;\">\n\t<div class=\"em-item-image \" style=\"max-width:150px\">\n\t\t\n\t\t<img loading=\"lazy\" decoding=\"async\" width=\"150\" height=\"150\" src=\"https:\/\/italcamara-es.com\/wp-content\/uploads\/2025\/10\/Logo-MIDA-1000-150x150.png\" class=\"attachment-150x150 size-150x150 wp-post-image\" alt=\"MIDA FIRENZE 2026\" \/>\n\t\t\n\t\t\n\t<\/div>\n\t<div class=\"em-item-info\">\n\t\t<div class=\"em-item-name\"><a href=\"https:\/\/italcamara-es.com\/events\/mida-firenze-2026\/\">MIDA FIRENZE 2026<\/a><\/div>\n\t\t<div class=\"em-item-meta\">\n\t\t\t<div class=\"em-item-meta-line em-event-date em-event-meta-datetime\">\n\t\t\t\t<span class=\"em-icon em-icon-calendar\"><\/span>\n\t\t\t\t<span>25 Apr 26<\/span>\n\t\t\t<\/div>\n\t\t\t<div class=\"em-item-meta-line em-event-location em-event-meta-location\">\n\t\t\t\t<span class=\"em-icon em-icon-location\"><\/span>\n\t\t\t\t<span>Florencia<\/span>\n\t\t\t<\/div>\n\t\t<\/div>\n\t<\/div>\n<\/div>\t\t\t\t\t\t\t<div class=\"em-item em-event\" style=\"--default-border:#f0b500;\">\n\t<div class=\"em-item-image \" style=\"max-width:150px\">\n\t\t\n\t\t<img loading=\"lazy\" decoding=\"async\" width=\"150\" height=\"150\" src=\"https:\/\/italcamara-es.com\/wp-content\/uploads\/2025\/10\/Logo-MIDA-1000-150x150.png\" class=\"attachment-150x150 size-150x150 wp-post-image\" alt=\"MIDA FIRENZE 2026\" \/>\n\t\t\n\t\t\n\t<\/div>\n\t<div class=\"em-item-info\">\n\t\t<div class=\"em-item-name\"><a href=\"https:\/\/italcamara-es.com\/it\/events\/mida-firenze-2026\/\">MIDA FIRENZE 2026<\/a><\/div>\n\t\t<div class=\"em-item-meta\">\n\t\t\t<div class=\"em-item-meta-line em-event-date em-event-meta-datetime\">\n\t\t\t\t<span class=\"em-icon em-icon-calendar\"><\/span>\n\t\t\t\t<span>25 Apr 26<\/span>\n\t\t\t<\/div>\n\t\t\t<div class=\"em-item-meta-line em-event-location em-event-meta-location\">\n\t\t\t\t<span class=\"em-icon em-icon-location\"><\/span>\n\t\t\t\t<span>Florencia<\/span>\n\t\t\t<\/div>\n\t\t<\/div>\n\t<\/div>\n<\/div>\t\t\t\t\t<\/div><!-- content -->\n\t\t\t<\/div><!-- modal -->\n<\/div>\t\t\t\t\t\t\t\t<div class=\"em pixelbones em-calendar-preview em-modal em-cal-date-content\" data-calendar-date=\"1777593600\" data-parent=\"em-cal-events-content-636872952\">\n\t<div class=\"em-modal-popup\">\n\t\t<header>\n\t\t\t<a class=\"em-close-modal\"><\/a><!-- close modal -->\n\t\t\t<div class=\"em-modal-title\">\n\t\t\t\tEventi su 1  Maggio  2026\t\t\t<\/div>\n\t\t<\/header>\n\t\t<div class=\"em-modal-content em pixelbones em-calendar-preview em-list-widget em-events-widget\">\n\t\t\t\t\t\t\t<div class=\"em-item em-event\" style=\"--default-border:#f0b500;\">\n\t<div class=\"em-item-image \" style=\"max-width:150px\">\n\t\t\n\t\t<img loading=\"lazy\" decoding=\"async\" width=\"150\" height=\"150\" src=\"https:\/\/italcamara-es.com\/wp-content\/uploads\/2025\/10\/Logo-MIDA-1000-150x150.png\" class=\"attachment-150x150 size-150x150 wp-post-image\" alt=\"MIDA FIRENZE 2026\" \/>\n\t\t\n\t\t\n\t<\/div>\n\t<div class=\"em-item-info\">\n\t\t<div class=\"em-item-name\"><a href=\"https:\/\/italcamara-es.com\/events\/mida-firenze-2026\/\">MIDA FIRENZE 2026<\/a><\/div>\n\t\t<div class=\"em-item-meta\">\n\t\t\t<div class=\"em-item-meta-line em-event-date em-event-meta-datetime\">\n\t\t\t\t<span class=\"em-icon em-icon-calendar\"><\/span>\n\t\t\t\t<span>25 Apr 26<\/span>\n\t\t\t<\/div>\n\t\t\t<div class=\"em-item-meta-line em-event-location em-event-meta-location\">\n\t\t\t\t<span class=\"em-icon em-icon-location\"><\/span>\n\t\t\t\t<span>Florencia<\/span>\n\t\t\t<\/div>\n\t\t<\/div>\n\t<\/div>\n<\/div>\t\t\t\t\t\t\t<div class=\"em-item em-event\" style=\"--default-border:#f0b500;\">\n\t<div class=\"em-item-image \" style=\"max-width:150px\">\n\t\t\n\t\t<img loading=\"lazy\" decoding=\"async\" width=\"150\" height=\"150\" src=\"https:\/\/italcamara-es.com\/wp-content\/uploads\/2025\/10\/Logo-MIDA-1000-150x150.png\" class=\"attachment-150x150 size-150x150 wp-post-image\" alt=\"MIDA FIRENZE 2026\" \/>\n\t\t\n\t\t\n\t<\/div>\n\t<div class=\"em-item-info\">\n\t\t<div class=\"em-item-name\"><a href=\"https:\/\/italcamara-es.com\/it\/events\/mida-firenze-2026\/\">MIDA FIRENZE 2026<\/a><\/div>\n\t\t<div class=\"em-item-meta\">\n\t\t\t<div class=\"em-item-meta-line em-event-date em-event-meta-datetime\">\n\t\t\t\t<span class=\"em-icon em-icon-calendar\"><\/span>\n\t\t\t\t<span>25 Apr 26<\/span>\n\t\t\t<\/div>\n\t\t\t<div class=\"em-item-meta-line em-event-location em-event-meta-location\">\n\t\t\t\t<span class=\"em-icon em-icon-location\"><\/span>\n\t\t\t\t<span>Florencia<\/span>\n\t\t\t<\/div>\n\t\t<\/div>\n\t<\/div>\n<\/div>\t\t\t\t\t<\/div><!-- content -->\n\t\t\t<\/div><!-- modal -->\n<\/div>\t\t\t\t\t\t\t\t<div class=\"em pixelbones em-calendar-preview em-modal em-cal-date-content\" data-calendar-date=\"1777680000\" data-parent=\"em-cal-events-content-636872952\">\n\t<div class=\"em-modal-popup\">\n\t\t<header>\n\t\t\t<a class=\"em-close-modal\"><\/a><!-- close modal -->\n\t\t\t<div class=\"em-modal-title\">\n\t\t\t\tEventi su 2  Maggio  2026\t\t\t<\/div>\n\t\t<\/header>\n\t\t<div class=\"em-modal-content em pixelbones em-calendar-preview em-list-widget em-events-widget\">\n\t\t\t\t\t\t\t<div class=\"em-item em-event\" style=\"--default-border:#f0b500;\">\n\t<div class=\"em-item-image \" style=\"max-width:150px\">\n\t\t\n\t\t<img loading=\"lazy\" decoding=\"async\" width=\"150\" height=\"150\" src=\"https:\/\/italcamara-es.com\/wp-content\/uploads\/2025\/10\/Logo-MIDA-1000-150x150.png\" class=\"attachment-150x150 size-150x150 wp-post-image\" alt=\"MIDA FIRENZE 2026\" \/>\n\t\t\n\t\t\n\t<\/div>\n\t<div class=\"em-item-info\">\n\t\t<div class=\"em-item-name\"><a href=\"https:\/\/italcamara-es.com\/events\/mida-firenze-2026\/\">MIDA FIRENZE 2026<\/a><\/div>\n\t\t<div class=\"em-item-meta\">\n\t\t\t<div class=\"em-item-meta-line em-event-date em-event-meta-datetime\">\n\t\t\t\t<span class=\"em-icon em-icon-calendar\"><\/span>\n\t\t\t\t<span>25 Apr 26<\/span>\n\t\t\t<\/div>\n\t\t\t<div class=\"em-item-meta-line em-event-location em-event-meta-location\">\n\t\t\t\t<span class=\"em-icon em-icon-location\"><\/span>\n\t\t\t\t<span>Florencia<\/span>\n\t\t\t<\/div>\n\t\t<\/div>\n\t<\/div>\n<\/div>\t\t\t\t\t\t\t<div class=\"em-item em-event\" style=\"--default-border:#f0b500;\">\n\t<div class=\"em-item-image \" style=\"max-width:150px\">\n\t\t\n\t\t<img loading=\"lazy\" decoding=\"async\" width=\"150\" height=\"150\" src=\"https:\/\/italcamara-es.com\/wp-content\/uploads\/2025\/10\/Logo-MIDA-1000-150x150.png\" class=\"attachment-150x150 size-150x150 wp-post-image\" alt=\"MIDA FIRENZE 2026\" \/>\n\t\t\n\t\t\n\t<\/div>\n\t<div class=\"em-item-info\">\n\t\t<div class=\"em-item-name\"><a href=\"https:\/\/italcamara-es.com\/it\/events\/mida-firenze-2026\/\">MIDA FIRENZE 2026<\/a><\/div>\n\t\t<div class=\"em-item-meta\">\n\t\t\t<div class=\"em-item-meta-line em-event-date em-event-meta-datetime\">\n\t\t\t\t<span class=\"em-icon em-icon-calendar\"><\/span>\n\t\t\t\t<span>25 Apr 26<\/span>\n\t\t\t<\/div>\n\t\t\t<div class=\"em-item-meta-line em-event-location em-event-meta-location\">\n\t\t\t\t<span class=\"em-icon em-icon-location\"><\/span>\n\t\t\t\t<span>Florencia<\/span>\n\t\t\t<\/div>\n\t\t<\/div>\n\t<\/div>\n<\/div>\t\t\t\t\t<\/div><!-- content -->\n\t\t\t<\/div><!-- modal -->\n<\/div>\t\t\t\t\t\t<\/section><\/div>\n<script>\n\t{\n\t\tlet el = document.getElementById('em-calendar-636872952').querySelector('.em-cal-body');\n\t\tlet width = el.firstElementChild.getBoundingClientRect().width;\n\t\tif (width > 0) {\n\t\t\tel.style.setProperty('--grid-auto-rows', 'minmax(' + width + 'px, auto)');\n\t\t}\n\t}\n<\/script>\t\t\t<div class=\"em-view-custom-data\" id=\"em-view-custom-data-636872952\">\r\n\t\t\t\t\t\t\t\t<form class=\"em-view-custom-data-search\" id=\"em-view-custom-data-search-636872952\">\r\n\t\t\t\t\t\t\t\t\t\t<input type=\"hidden\" name=\"css\" value=\"1\">\r\n\t\t\t\t\t\t\t\t\t\t<input type=\"hidden\" name=\"search_action\" value=\"search_events\">\r\n\t\t\t\t\t\t\t\t\t\t<input type=\"hidden\" name=\"search_advanced_text\" value=\"Mostrar la b\u00fasqueda avanzada\">\r\n\t\t\t\t\t\t\t\t\t\t<input type=\"hidden\" name=\"search_text_show\" value=\"Mostrar la b\u00fasqueda avanzada\">\r\n\t\t\t\t\t\t\t\t\t\t<input type=\"hidden\" name=\"search_text_hide\" value=\"Ocultar la b\u00fasqueda avanzada\">\r\n\t\t\t\t\t\t\t\t\t\t<input type=\"hidden\" name=\"search_button\" value=\"Buscar\">\r\n\t\t\t\t\t\t\t\t\t\t<input type=\"hidden\" name=\"saved_searches\" value=\"1\">\r\n\t\t\t\t\t\t\t\t\t\t<input type=\"hidden\" name=\"search_advanced_style\" value=\"headings\">\r\n\t\t\t\t\t\t\t\t\t\t<input type=\"hidden\" name=\"search_multiselect_style\" value=\"multidropdown\">\r\n\t\t\t\t\t\t\t\t\t\t<input type=\"hidden\" name=\"sorting\" value=\"1\">\r\n\t\t\t\t\t\t\t\t\t\t<input type=\"hidden\" name=\"search_term_main\" value=\"1\">\r\n\t\t\t\t\t\t\t\t\t\t<input type=\"hidden\" name=\"search_term\" value=\"1\">\r\n\t\t\t\t\t\t\t\t\t\t<input type=\"hidden\" name=\"search_term_label\" value=\"Buscar\">\r\n\t\t\t\t\t\t\t\t\t\t<input type=\"hidden\" name=\"search_term_advanced\" value=\"1\">\r\n\t\t\t\t\t\t\t\t\t\t<input type=\"hidden\" name=\"search_term_label_advanced\" value=\"Buscar\">\r\n\t\t\t\t\t\t\t\t\t\t<input type=\"hidden\" name=\"search_geo\" value=\"1\">\r\n\t\t\t\t\t\t\t\t\t\t<input type=\"hidden\" name=\"geo_label\" value=\"cerca...\">\r\n\t\t\t\t\t\t\t\t\t\t<input type=\"hidden\" name=\"search_geo_advanced\" value=\"1\">\r\n\t\t\t\t\t\t\t\t\t\t<input type=\"hidden\" name=\"geo_label_advanced\" value=\"cerca...\">\r\n\t\t\t\t\t\t\t\t\t\t<input type=\"hidden\" name=\"search_geo_units\" value=\"1\">\r\n\t\t\t\t\t\t\t\t\t\t<input type=\"hidden\" name=\"geo_units_label\" value=\"Dentro\">\r\n\t\t\t\t\t\t\t\t\t\t<input type=\"hidden\" name=\"geo_distance_values\" value=\"5,10,25,50,100\">\r\n\t\t\t\t\t\t\t\t\t\t<input type=\"hidden\" name=\"search_scope\" value=\"1\">\r\n\t\t\t\t\t\t\t\t\t\t<input type=\"hidden\" name=\"scope_label\" value=\"Fechas\">\r\n\t\t\t\t\t\t\t\t\t\t<input type=\"hidden\" name=\"scope_seperator\" value=\"y\">\r\n\t\t\t\t\t\t\t\t\t\t<input type=\"hidden\" name=\"scope_format\" value=\"M j\">\r\n\t\t\t\t\t\t\t\t\t\t<input type=\"hidden\" name=\"search_scope_advanced\" value=\"1\">\r\n\t\t\t\t\t\t\t\t\t\t<input type=\"hidden\" name=\"scope_label_advanced\" value=\"Fechas\">\r\n\t\t\t\t\t\t\t\t\t\t<input type=\"hidden\" name=\"scope_seperator_advanced\" value=\"y\">\r\n\t\t\t\t\t\t\t\t\t\t<input type=\"hidden\" name=\"scope_format_advanced\" value=\"M j\">\r\n\t\t\t\t\t\t\t\t\t\t<input type=\"hidden\" name=\"search_eventful_main\" value=\"0\">\r\n\t\t\t\t\t\t\t\t\t\t<input type=\"hidden\" name=\"search_eventful\" value=\"0\">\r\n\t\t\t\t\t\t\t\t\t\t<input type=\"hidden\" name=\"search_eventful_locations_label\" value=\"Luoghi movimentati?\">\r\n\t\t\t\t\t\t\t\t\t\t<input type=\"hidden\" name=\"search_eventful_locations_tooltip\" value=\"Visualizza solo le localit\u00e0 con i prossimi eventi.\">\r\n\t\t\t\t\t\t\t\t\t\t<input type=\"hidden\" name=\"search_categories\" value=\"1\">\r\n\t\t\t\t\t\t\t\t\t\t<input type=\"hidden\" name=\"category_label\" value=\"Categor\u00edas\">\r\n\t\t\t\t\t\t\t\t\t\t<input type=\"hidden\" name=\"categories_label\" value=\"Todas las categor\u00edas\">\r\n\t\t\t\t\t\t\t\t\t\t<input type=\"hidden\" name=\"categories_placeholder\" value=\"Buscando Categor\u00edas...\">\r\n\t\t\t\t\t\t\t\t\t\t<input type=\"hidden\" name=\"categories_clear_text\" value=\"Clear Selected\">\r\n\t\t\t\t\t\t\t\t\t\t<input type=\"hidden\" name=\"categories_count_text\" value=\"%d Selected\">\r\n\t\t\t\t\t\t\t\t\t\t<input type=\"hidden\" name=\"categories_include\" value=\"\">\r\n\t\t\t\t\t\t\t\t\t\t<input type=\"hidden\" name=\"categories_exclude\" value=\"\">\r\n\t\t\t\t\t\t\t\t\t\t<input type=\"hidden\" name=\"search_tags\" value=\"1\">\r\n\t\t\t\t\t\t\t\t\t\t<input type=\"hidden\" name=\"tag_label\" value=\"Etiquetas\">\r\n\t\t\t\t\t\t\t\t\t\t<input type=\"hidden\" name=\"tags_label\" value=\"Todas las etiquetas\">\r\n\t\t\t\t\t\t\t\t\t\t<input type=\"hidden\" name=\"tags_placeholder\" value=\"Buscando Etiquetas...\">\r\n\t\t\t\t\t\t\t\t\t\t<input type=\"hidden\" name=\"tags_clear_text\" value=\"Clear Selected\">\r\n\t\t\t\t\t\t\t\t\t\t<input type=\"hidden\" name=\"tags_count_text\" value=\"%d Selected\">\r\n\t\t\t\t\t\t\t\t\t\t<input type=\"hidden\" name=\"tags_include\" value=\"\">\r\n\t\t\t\t\t\t\t\t\t\t<input type=\"hidden\" name=\"tags_exclude\" value=\"\">\r\n\t\t\t\t\t\t\t\t\t\t<input type=\"hidden\" name=\"search_countries\" value=\"1\">\r\n\t\t\t\t\t\t\t\t\t\t<input type=\"hidden\" name=\"country_label\" value=\"Pa\u00eds\">\r\n\t\t\t\t\t\t\t\t\t\t<input type=\"hidden\" name=\"countries_label\" value=\"Todos los pa\u00edses\">\r\n\t\t\t\t\t\t\t\t\t\t<input type=\"hidden\" name=\"search_regions\" value=\"1\">\r\n\t\t\t\t\t\t\t\t\t\t<input type=\"hidden\" name=\"region_label\" value=\"Regi\u00f3n\">\r\n\t\t\t\t\t\t\t\t\t\t<input type=\"hidden\" name=\"search_states\" value=\"1\">\r\n\t\t\t\t\t\t\t\t\t\t<input type=\"hidden\" name=\"state_label\" value=\"Estado \/ Condado\">\r\n\t\t\t\t\t\t\t\t\t\t<input type=\"hidden\" name=\"search_towns\" value=\"0\">\r\n\t\t\t\t\t\t\t\t\t\t<input type=\"hidden\" name=\"town_label\" value=\"Ciudad\/Poblaci\u00f3n\">\r\n\t\t\t\t\t\t\t\t\t\t<input type=\"hidden\" name=\"show_main\" value=\"1\">\r\n\t\t\t\t\t\t\t\t\t\t<input type=\"hidden\" name=\"show_advanced\" value=\"1\">\r\n\t\t\t\t\t\t\t\t\t\t<input type=\"hidden\" name=\"advanced_mode\" value=\"modal\">\r\n\t\t\t\t\t\t\t\t\t\t<input type=\"hidden\" name=\"advanced_hidden\" value=\"1\">\r\n\t\t\t\t\t\t\t\t\t\t<input type=\"hidden\" name=\"advanced_trigger\" value=\"1\">\r\n\t\t\t\t\t\t\t\t\t\t<input type=\"hidden\" name=\"main_classes\" value=\"css-search,em-search-legacy,has-search-term,has-search-geo,has-search-main,has-advanced,advanced-hidden\">\r\n\t\t\t\t\t\t\t\t\t\t<input type=\"hidden\" name=\"css_classes_advanced\" value=\"\">\r\n\t\t\t\t\t\t\t\t\t\t<input type=\"hidden\" name=\"id\" value=\"636872952\">\r\n\t\t\t\t\t\t\t\t\t\t<input type=\"hidden\" name=\"scope\" value=\"all\">\r\n\t\t\t\t\t\t\t\t\t\t<input type=\"hidden\" name=\"calendar_size\" value=\"\">\r\n\t\t\t\t\t\t\t\t\t\t<input type=\"hidden\" name=\"has_advanced_trigger\" value=\"0\">\r\n\t\t\t\t\t\t\t\t\t<\/form>\r\n\t\t\t\t<form class=\"em-view-custom-data-calendar\" id=\"em-view-custom-data-calendar-636872952\">\r\n\t\t\t\t\t\t\t\t\t\t\t<input type=\"hidden\" name=\"id\" value=\"636872952\">\r\n\t\t\t\t\t\t\t\t\t\t\t<input type=\"hidden\" name=\"scope\" value=\"all\">\r\n\t\t\t\t\t\t\t\t\t\t\t<input type=\"hidden\" name=\"calendar_size\" value=\"\">\r\n\t\t\t\t\t\t\t\t\t\t\t<input type=\"hidden\" name=\"has_advanced_trigger\" value=\"0\">\r\n\t\t\t\t\t\t\t\t\t<\/form>\r\n\t\t\t<\/div>\r\n\t\t<\/div>\r\n\t\t<\/div>\n\t\t\t\t\t\t<\/div>\n\t\t\t\t<\/div>\n\t\t\t\t<div class=\"elementor-element elementor-element-0dfb1a0 elementor-widget elementor-widget-button\" data-id=\"0dfb1a0\" data-element_type=\"widget\" data-e-type=\"widget\" data-widget_type=\"button.default\">\n\t\t\t\t<div class=\"elementor-widget-container\">\n\t\t\t\t\t\t\t\t\t<div class=\"elementor-button-wrapper\">\n\t\t\t\t\t<a class=\"elementor-button elementor-button-link elementor-size-sm\" href=\"https:\/\/italcamara-es.com\/it\/eventi-passati\/\">\n\t\t\t\t\t\t<span class=\"elementor-button-content-wrapper\">\n\t\t\t\t\t\t\t\t\t<span class=\"elementor-button-text\">Vedi gli eventi gi\u00e0 realizzati<\/span>\n\t\t\t\t\t<\/span>\n\t\t\t\t\t<\/a>\n\t\t\t\t<\/div>\n\t\t\t\t\t\t\t\t<\/div>\n\t\t\t\t<\/div>\n\t\t\t\t<\/div>\n\t\t<div class=\"elementor-element elementor-element-9a71112 e-con-full e-flex e-con e-child\" data-id=\"9a71112\" data-element_type=\"container\" data-e-type=\"container\" data-settings=\"{&quot;_ha_eqh_enable&quot;:false}\">\n\t\t\t\t<div class=\"elementor-element elementor-element-4b42062 elementor-widget elementor-widget-shortcode\" data-id=\"4b42062\" data-element_type=\"widget\" data-e-type=\"widget\" data-widget_type=\"shortcode.default\">\n\t\t\t\t<div class=\"elementor-widget-container\">\n\t\t\t\t\t\t\t<div class=\"elementor-shortcode\"><div class=\"em em-view-container\" id=\"em-view-998665589\" data-view=\"list\">\r\n\t<div class=\"em pixelbones em-list em-events-list\" id=\"em-events-list-998665589\" data-view-id=\"998665589\">\r\n\t<div class=\"em-event em-item \" style=\"--default-border:#f0b500;\">\n\t<div class=\"em-item-image \">\n\t\t\n\t\t<img src='https:\/\/italcamara-es.com\/wp-content\/uploads\/2025\/10\/Logo-MIDA-1000.png' alt='MIDA FIRENZE 2026'\/>\n\t\t\n\t\t\n\t<\/div>\n\t<div class=\"em-item-info\">\n\t\t<h3 class=\"em-item-title\"><a href=\"https:\/\/italcamara-es.com\/it\/events\/mida-firenze-2026\/\">MIDA FIRENZE 2026<\/a><\/h3>\n\t\t\n\t\t<div class=\"em-event-meta em-item-meta\">\n\t\t\t<div class=\"em-item-meta-line em-event-date em-event-meta-datetime\">\n\t\t\t\t<span class=\"em-icon-calendar em-icon\"><\/span>\n\t\t\t\t25  Aprile  2026 - 3  Maggio  2026&nbsp;&nbsp;&nbsp;&nbsp;\n\t\t\t<\/div>\n\t\t\t<div class=\"em-item-meta-line em-event-time em-event-meta-datetime\">\n\t\t\t\t<span class=\"em-icon-clock em-icon\"><\/span>\n\t\t\t\t09:00 - 20:00\n\t\t\t<\/div>\n\t\t\t\n\t\t\t\n\t\t\t<div class=\"em-item-meta-line em-event-location\">\n\t\t\t\t<span class=\"em-icon-location em-icon\"><\/span>\n\t\t\t\t<a href=\"https:\/\/italcamara-es.com\/it\/locations\/fortezza-da-basso-2\/\">Fortezza da Basso<\/a>\n\t\t\t<\/div>\n\t\t\t\n\t\t\t\n\t\t\t\n\t\t\t<div class=\"em-item-meta-line em-item-taxonomy em-event-categories\">\n\t\t\t\t<span class=\"em-icon-category em-icon\"><\/span>\n\t\t\t\t<div>\t<ul class=\"event-categories\">\r\n\t\t\t\t\t<li><a href=\"https:\/\/italcamara-es.com\/it\/events\/categories\/artesania-it\/\">Artesan\u00eda<\/a><\/li>\r\n\t\t\t\t\t<li><a href=\"https:\/\/italcamara-es.com\/it\/events\/categories\/artigianato\/\">Artigianato<\/a><\/li>\r\n\t\t\t\t\t<li><a href=\"https:\/\/italcamara-es.com\/it\/events\/categories\/ferias-it\/\">Ferias<\/a><\/li>\r\n\t\t\t\t\t<li><a href=\"https:\/\/italcamara-es.com\/it\/events\/categories\/fiere-it\/\">Fiere<\/a><\/li>\r\n\t\t\t<\/ul>\r\n\t<\/div>\n\t\t\t<\/div>\n\t\t\t\n\t\t\t\n\t\t\t<div class=\"em-item-meta-line em-item-taxonomy em-event-tags\">\n\t\t\t\t<span class=\"em-icon-tag em-icon\"><\/span>\n\t\t\t\t<div><a href=\"https:\/\/italcamara-es.com\/it\/events\/tags\/feria-it\/\">Fiera<\/a><\/div>\n\t\t\t<\/div>\n\t\t\t\n\t\t<\/div>\n\t\t<div class=\"em-item-desc\">\n\t\t\tMIDA \u00e8 la prima fiera internazionale dell\u2019artigianato certificata in Italia, organizzata da Firenze Fiera in collaborazione con le principali associazioni commerciali di artigiani. Vanta un\u2019ampia [...]\n\t\t<\/div>\n\t\t<div class=\"em-item-actions input\">\n\t\t\t<a class=\"em-item-read-more button\" href=\"https:\/\/italcamara-es.com\/it\/events\/mida-firenze-2026\/\">Continua a leggere<\/a>\n\t\t\t\n\t\t<\/div>\n\t<\/div>\n<\/div><div class=\"em-event em-item \" style=\"--default-border:#f0b500;\">\n\t<div class=\"em-item-image \">\n\t\t\n\t\t<img src='https:\/\/italcamara-es.com\/wp-content\/uploads\/2026\/04\/imagen-webinar-284-web-.png' alt='Webinar: &quot;La digitalizzazione dei documenti nel settore dei trasporti&quot;'\/>\n\t\t\n\t\t\n\t<\/div>\n\t<div class=\"em-item-info\">\n\t\t<h3 class=\"em-item-title\"><a href=\"https:\/\/italcamara-es.com\/it\/?post_type=event&#038;p=61568\">Webinar: &quot;La digitalizzazione dei documenti nel settore dei trasporti&quot;<\/a><\/h3>\n\t\t\n\t\t<div class=\"em-event-meta em-item-meta\">\n\t\t\t<div class=\"em-item-meta-line em-event-date em-event-meta-datetime\">\n\t\t\t\t<span class=\"em-icon-calendar em-icon\"><\/span>\n\t\t\t\t28  Aprile  2026&nbsp;&nbsp;&nbsp;&nbsp;\n\t\t\t<\/div>\n\t\t\t<div class=\"em-item-meta-line em-event-time em-event-meta-datetime\">\n\t\t\t\t<span class=\"em-icon-clock em-icon\"><\/span>\n\t\t\t\t10:00 - 11:00\n\t\t\t<\/div>\n\t\t\t\n\t\t\t\n\t\t\t\n\t\t\t<div class=\"em-item-meta-line em-event-location\">\n\t\t\t\t<span class=\"em-icon-at em-icon\"><\/span>\n\t\t\t\t<a href=\"https:\/\/us02web.zoom.us\/webinar\/register\/WN_FE75z6dyTf60widnYmH5FA#\/registration\" target=\"_blank\">link per iscrizione<\/a>\n\t\t\t<\/div>\n\t\t\t\n\t\t\t\n\t\t\t\n\t\t\t<div class=\"em-item-meta-line em-item-taxonomy em-event-tags\">\n\t\t\t\t<span class=\"em-icon-tag em-icon\"><\/span>\n\t\t\t\t<div><a href=\"https:\/\/italcamara-es.com\/it\/events\/tags\/altre\/\">Altre<\/a>, <a href=\"https:\/\/italcamara-es.com\/it\/events\/tags\/otros-it\/\">Otros<\/a><\/div>\n\t\t\t<\/div>\n\t\t\t\n\t\t<\/div>\n\t\t<div class=\"em-item-desc\">\n\t\t\tIn questo webinar, organizzato in collaborazione con il socio Tesisquare, affronteremo i principali cambiamenti e le opportunit\u00e0 che la digitalizzazione dei documenti chiave nella catena [...]\n\t\t<\/div>\n\t\t<div class=\"em-item-actions input\">\n\t\t\t<a class=\"em-item-read-more button\" href=\"https:\/\/italcamara-es.com\/it\/?post_type=event&#038;p=61568\">Continua a leggere<\/a>\n\t\t\t\n\t\t<\/div>\n\t<\/div>\n<\/div><div class=\"em-event em-item \" style=\"--default-border:#f0b500;\">\n\t<div class=\"em-item-image \">\n\t\t\n\t\t<img src='https:\/\/italcamara-es.com\/wp-content\/uploads\/2026\/04\/imagen-webinar-securitec-1000.png' alt='Webinar &quot;Autoprotezione ed emergenze in Spagna: tutto ci\u00f2 che la tua azienda deve sapere&quot;'\/>\n\t\t\n\t\t\n\t<\/div>\n\t<div class=\"em-item-info\">\n\t\t<h3 class=\"em-item-title\"><a href=\"https:\/\/italcamara-es.com\/it\/events\/webinar-autoproteccion-y-emergencias-en-espana-lo-que-tu-empresa-necesita-saber\/\">Webinar &quot;Autoprotezione ed emergenze in Spagna: tutto ci\u00f2 che la tua azienda deve sapere&quot;<\/a><\/h3>\n\t\t\n\t\t<div class=\"em-event-meta em-item-meta\">\n\t\t\t<div class=\"em-item-meta-line em-event-date em-event-meta-datetime\">\n\t\t\t\t<span class=\"em-icon-calendar em-icon\"><\/span>\n\t\t\t\t5  Maggio  2026&nbsp;&nbsp;&nbsp;&nbsp;\n\t\t\t<\/div>\n\t\t\t<div class=\"em-item-meta-line em-event-time em-event-meta-datetime\">\n\t\t\t\t<span class=\"em-icon-clock em-icon\"><\/span>\n\t\t\t\t10:00 - 11:00\n\t\t\t<\/div>\n\t\t\t\n\t\t\t\n\t\t\t\n\t\t\t<div class=\"em-item-meta-line em-event-location\">\n\t\t\t\t<span class=\"em-icon-at em-icon\"><\/span>\n\t\t\t\t<a href=\"https:\/\/us02web.zoom.us\/webinar\/register\/WN_4Woyt_hESEq27q1-IhrmeA#\/registration\" target=\"_blank\">Enlace de registro<\/a>\n\t\t\t<\/div>\n\t\t\t\n\t\t\t\n\t\t\t\n\t\t\t<div class=\"em-item-meta-line em-item-taxonomy em-event-tags\">\n\t\t\t\t<span class=\"em-icon-tag em-icon\"><\/span>\n\t\t\t\t<div><a href=\"https:\/\/italcamara-es.com\/it\/events\/tags\/altre\/\">Altre<\/a>, <a href=\"https:\/\/italcamara-es.com\/it\/events\/tags\/otros-it\/\">Otros<\/a><\/div>\n\t\t\t<\/div>\n\t\t\t\n\t\t<\/div>\n\t\t<div class=\"em-item-desc\">\n\t\t\tQuesto incontro, organizzato in collaborazione con l\u2019azienda partner Securitec, \u00e8 rivolto alle imprese che gi\u00e0 operano in Spagna o che sono in fase di insediamento [...]\n\t\t<\/div>\n\t\t<div class=\"em-item-actions input\">\n\t\t\t<a class=\"em-item-read-more button\" href=\"https:\/\/italcamara-es.com\/it\/events\/webinar-autoproteccion-y-emergencias-en-espana-lo-que-tu-empresa-necesita-saber\/\">Continua a leggere<\/a>\n\t\t\t\n\t\t<\/div>\n\t<\/div>\n<\/div><div class=\"em-pagination em-ajax\" data-em-ajax=\"id=998665589&amp;tag=Fiera%2CAltre&amp;action=search_events\"> <span class=\"page-numbers current\">1<\/span> <a class=\"page-numbers\" href=\"\/it\/wp-json\/wp\/v2\/pages\/5863?pno=2\" title=\"2\">2<\/a>  <a class=\"page-numbers\" href=\"\/it\/wp-json\/wp\/v2\/pages\/5863?pno=3\" title=\"3\">3<\/a>  <a class=\"next page-numbers\" href=\"\/it\/wp-json\/wp\/v2\/pages\/5863?pno=2\" title=\"2\">&gt;<\/a>  <\/div>\t<\/div>\r\n<\/div><\/div>\n\t\t\t\t\t\t<\/div>\n\t\t\t\t<\/div>\n\t\t\t\t<\/div>\n\t\t\t\t<\/div>\n\t\t\t\t<\/div>\n\t\t<div class=\"elementor-element elementor-element-c6c8bfa e-con-full elementor-hidden-desktop elementor-hidden-tablet e-flex e-con e-parent\" data-id=\"c6c8bfa\" data-element_type=\"container\" data-e-type=\"container\" data-settings=\"{&quot;_ha_eqh_enable&quot;:false}\">\n\t\t\t\t<div class=\"elementor-element elementor-element-90ade6c elementor-widget elementor-widget-button\" data-id=\"90ade6c\" data-element_type=\"widget\" data-e-type=\"widget\" data-widget_type=\"button.default\">\n\t\t\t\t<div class=\"elementor-widget-container\">\n\t\t\t\t\t\t\t\t\t<div class=\"elementor-button-wrapper\">\n\t\t\t\t\t<a class=\"elementor-button elementor-button-link elementor-size-sm\" href=\"https:\/\/italcamara-es.com\/it\/eventi-passati\/\">\n\t\t\t\t\t\t<span class=\"elementor-button-content-wrapper\">\n\t\t\t\t\t\t\t\t\t<span class=\"elementor-button-text\">Vedi gli eventi gi\u00e0 realizzati<\/span>\n\t\t\t\t\t<\/span>\n\t\t\t\t\t<\/a>\n\t\t\t\t<\/div>\n\t\t\t\t\t\t\t\t<\/div>\n\t\t\t\t<\/div>\n\t\t\t\t<\/div>\n\t\t\t\t<\/div>\n\t\t","protected":false},"excerpt":{"rendered":"<p>CONTENTS<\/p>\n","protected":false},"author":1,"featured_media":0,"parent":0,"menu_order":0,"comment_status":"closed","ping_status":"open","template":"","meta":{"inline_featured_image":false,"ocean_post_layout":"full-screen","ocean_both_sidebars_style":"","ocean_both_sidebars_content_width":0,"ocean_both_sidebars_sidebars_width":0,"ocean_sidebar":"","ocean_second_sidebar":"","ocean_disable_margins":"enable","ocean_add_body_class":"","ocean_shortcode_before_top_bar":"","ocean_shortcode_after_top_bar":"","ocean_shortcode_before_header":"","ocean_shortcode_after_header":"","ocean_has_shortcode":"","ocean_shortcode_after_title":"","ocean_shortcode_before_footer_widgets":"","ocean_shortcode_after_footer_widgets":"","ocean_shortcode_before_footer_bottom":"","ocean_shortcode_after_footer_bottom":"","ocean_display_top_bar":"default","ocean_display_header":"default","ocean_header_style":"custom","ocean_center_header_left_menu":"","ocean_custom_header_template":"6106","ocean_custom_logo":0,"ocean_custom_retina_logo":0,"ocean_custom_logo_max_width":0,"ocean_custom_logo_tablet_max_width":0,"ocean_custom_logo_mobile_max_width":0,"ocean_custom_logo_max_height":0,"ocean_custom_logo_tablet_max_height":0,"ocean_custom_logo_mobile_max_height":0,"ocean_header_custom_menu":"","ocean_menu_typo_font_family":"","ocean_menu_typo_font_subset":"","ocean_menu_typo_font_size":0,"ocean_menu_typo_font_size_tablet":0,"ocean_menu_typo_font_size_mobile":0,"ocean_menu_typo_font_size_unit":"px","ocean_menu_typo_font_weight":"","ocean_menu_typo_font_weight_tablet":"","ocean_menu_typo_font_weight_mobile":"","ocean_menu_typo_transform":"","ocean_menu_typo_transform_tablet":"","ocean_menu_typo_transform_mobile":"","ocean_menu_typo_line_height":0,"ocean_menu_typo_line_height_tablet":0,"ocean_menu_typo_line_height_mobile":0,"ocean_menu_typo_line_height_unit":"","ocean_menu_typo_spacing":0,"ocean_menu_typo_spacing_tablet":0,"ocean_menu_typo_spacing_mobile":0,"ocean_menu_typo_spacing_unit":"","ocean_menu_link_color":"","ocean_menu_link_color_hover":"","ocean_menu_link_color_active":"","ocean_menu_link_background":"","ocean_menu_link_hover_background":"","ocean_menu_link_active_background":"","ocean_menu_social_links_bg":"","ocean_menu_social_hover_links_bg":"","ocean_menu_social_links_color":"","ocean_menu_social_hover_links_color":"","ocean_disable_title":"default","ocean_disable_heading":"default","ocean_post_title":"","ocean_post_subheading":"","ocean_post_title_style":"","ocean_post_title_background_color":"","ocean_post_title_background":0,"ocean_post_title_bg_image_position":"","ocean_post_title_bg_image_attachment":"","ocean_post_title_bg_image_repeat":"","ocean_post_title_bg_image_size":"","ocean_post_title_height":0,"ocean_post_title_bg_overlay":0.5,"ocean_post_title_bg_overlay_color":"","ocean_disable_breadcrumbs":"default","ocean_breadcrumbs_color":"","ocean_breadcrumbs_separator_color":"","ocean_breadcrumbs_links_color":"","ocean_breadcrumbs_links_hover_color":"","ocean_display_footer_widgets":"default","ocean_display_footer_bottom":"default","ocean_custom_footer_template":"6101","footnotes":""},"class_list":["post-5863","page","type-page","status-publish","hentry","entry"],"yoast_head":"<!-- This site is optimized with the Yoast SEO plugin v27.4 - https:\/\/yoast.com\/product\/yoast-seo-wordpress\/ -->\n<title>Eventi - Italcamara<\/title>\n<meta name=\"robots\" content=\"index, follow, max-snippet:-1, max-image-preview:large, max-video-preview:-1\" \/>\n<link rel=\"canonical\" href=\"https:\/\/italcamara-es.com\/it\/eventi\/\" \/>\n<meta property=\"og:locale\" content=\"it_IT\" \/>\n<meta property=\"og:type\" content=\"article\" \/>\n<meta property=\"og:title\" content=\"Eventi - Italcamara\" \/>\n<meta property=\"og:description\" content=\"CONTENTS\" \/>\n<meta property=\"og:url\" content=\"https:\/\/italcamara-es.com\/it\/eventi\/\" \/>\n<meta property=\"og:site_name\" content=\"Italcamara\" \/>\n<meta property=\"article:modified_time\" content=\"2025-10-29T08:57:48+00:00\" \/>\n<meta name=\"twitter:card\" content=\"summary_large_image\" \/>\n<meta name=\"twitter:label1\" content=\"Tempo di lettura stimato\" \/>\n\t<meta name=\"twitter:data1\" content=\"1 minuto\" \/>\n<script type=\"application\/ld+json\" class=\"yoast-schema-graph\">{\"@context\":\"https:\\\/\\\/schema.org\",\"@graph\":[{\"@type\":\"WebPage\",\"@id\":\"https:\\\/\\\/italcamara-es.com\\\/it\\\/eventi\\\/\",\"url\":\"https:\\\/\\\/italcamara-es.com\\\/it\\\/eventi\\\/\",\"name\":\"Eventi - Italcamara\",\"isPartOf\":{\"@id\":\"https:\\\/\\\/italcamara-es.com\\\/#website\"},\"datePublished\":\"2024-10-30T17:54:03+00:00\",\"dateModified\":\"2025-10-29T08:57:48+00:00\",\"breadcrumb\":{\"@id\":\"https:\\\/\\\/italcamara-es.com\\\/it\\\/eventi\\\/#breadcrumb\"},\"inLanguage\":\"it-IT\",\"potentialAction\":[{\"@type\":\"ReadAction\",\"target\":[\"https:\\\/\\\/italcamara-es.com\\\/it\\\/eventi\\\/\"]}]},{\"@type\":\"BreadcrumbList\",\"@id\":\"https:\\\/\\\/italcamara-es.com\\\/it\\\/eventi\\\/#breadcrumb\",\"itemListElement\":[{\"@type\":\"ListItem\",\"position\":1,\"name\":\"Inicio\",\"item\":\"https:\\\/\\\/italcamara-es.com\\\/it\\\/homepage-ita\\\/\"},{\"@type\":\"ListItem\",\"position\":2,\"name\":\"Eventi\"}]},{\"@type\":\"WebSite\",\"@id\":\"https:\\\/\\\/italcamara-es.com\\\/#website\",\"url\":\"https:\\\/\\\/italcamara-es.com\\\/\",\"name\":\"Italcamara\",\"description\":\"\",\"potentialAction\":[{\"@type\":\"SearchAction\",\"target\":{\"@type\":\"EntryPoint\",\"urlTemplate\":\"https:\\\/\\\/italcamara-es.com\\\/?s={search_term_string}\"},\"query-input\":{\"@type\":\"PropertyValueSpecification\",\"valueRequired\":true,\"valueName\":\"search_term_string\"}}],\"inLanguage\":\"it-IT\"}]}<\/script>\n<!-- \/ Yoast SEO plugin. -->","yoast_head_json":{"title":"Eventi - Italcamara","robots":{"index":"index","follow":"follow","max-snippet":"max-snippet:-1","max-image-preview":"max-image-preview:large","max-video-preview":"max-video-preview:-1"},"canonical":"https:\/\/italcamara-es.com\/it\/eventi\/","og_locale":"it_IT","og_type":"article","og_title":"Eventi - Italcamara","og_description":"CONTENTS","og_url":"https:\/\/italcamara-es.com\/it\/eventi\/","og_site_name":"Italcamara","article_modified_time":"2025-10-29T08:57:48+00:00","twitter_card":"summary_large_image","twitter_misc":{"Tempo di lettura stimato":"1 minuto"},"schema":{"@context":"https:\/\/schema.org","@graph":[{"@type":"WebPage","@id":"https:\/\/italcamara-es.com\/it\/eventi\/","url":"https:\/\/italcamara-es.com\/it\/eventi\/","name":"Eventi - Italcamara","isPartOf":{"@id":"https:\/\/italcamara-es.com\/#website"},"datePublished":"2024-10-30T17:54:03+00:00","dateModified":"2025-10-29T08:57:48+00:00","breadcrumb":{"@id":"https:\/\/italcamara-es.com\/it\/eventi\/#breadcrumb"},"inLanguage":"it-IT","potentialAction":[{"@type":"ReadAction","target":["https:\/\/italcamara-es.com\/it\/eventi\/"]}]},{"@type":"BreadcrumbList","@id":"https:\/\/italcamara-es.com\/it\/eventi\/#breadcrumb","itemListElement":[{"@type":"ListItem","position":1,"name":"Inicio","item":"https:\/\/italcamara-es.com\/it\/homepage-ita\/"},{"@type":"ListItem","position":2,"name":"Eventi"}]},{"@type":"WebSite","@id":"https:\/\/italcamara-es.com\/#website","url":"https:\/\/italcamara-es.com\/","name":"Italcamara","description":"","potentialAction":[{"@type":"SearchAction","target":{"@type":"EntryPoint","urlTemplate":"https:\/\/italcamara-es.com\/?s={search_term_string}"},"query-input":{"@type":"PropertyValueSpecification","valueRequired":true,"valueName":"search_term_string"}}],"inLanguage":"it-IT"}]}},"rttpg_featured_image_url":null,"rttpg_author":{"display_name":"administrador","author_link":"https:\/\/italcamara-es.com\/it\/author\/administrador\/"},"rttpg_comment":0,"rttpg_category":false,"rttpg_excerpt":"CONTENTS","_links":{"self":[{"href":"https:\/\/italcamara-es.com\/it\/wp-json\/wp\/v2\/pages\/5863","targetHints":{"allow":["GET"]}}],"collection":[{"href":"https:\/\/italcamara-es.com\/it\/wp-json\/wp\/v2\/pages"}],"about":[{"href":"https:\/\/italcamara-es.com\/it\/wp-json\/wp\/v2\/types\/page"}],"author":[{"embeddable":true,"href":"https:\/\/italcamara-es.com\/it\/wp-json\/wp\/v2\/users\/1"}],"replies":[{"embeddable":true,"href":"https:\/\/italcamara-es.com\/it\/wp-json\/wp\/v2\/comments?post=5863"}],"version-history":[{"count":9,"href":"https:\/\/italcamara-es.com\/it\/wp-json\/wp\/v2\/pages\/5863\/revisions"}],"predecessor-version":[{"id":57476,"href":"https:\/\/italcamara-es.com\/it\/wp-json\/wp\/v2\/pages\/5863\/revisions\/57476"}],"wp:attachment":[{"href":"https:\/\/italcamara-es.com\/it\/wp-json\/wp\/v2\/media?parent=5863"}],"curies":[{"name":"wp","href":"https:\/\/api.w.org\/{rel}","templated":true}]}}